{"id":581,"date":"2022-11-10T19:20:40","date_gmt":"2022-11-10T19:20:40","guid":{"rendered":"http:\/\/th-feriendomizile.de\/startseite\/?page_id=581"},"modified":"2025-12-03T18:58:51","modified_gmt":"2025-12-03T18:58:51","slug":"harzer-wiesenberg","status":"publish","type":"page","link":"https:\/\/th-feriendomizile.de\/startseite\/harzer-wiesenberg\/","title":{"rendered":"Harzer Wiesenberg"},"content":{"rendered":"\n<div class=\"slider-wrapper relative\" id=\"slider-1126529037\" >\n    <div class=\"slider slider-nav-circle slider-nav-large slider-nav-light slider-style-normal\"\n        data-flickity-options='{\n            \"cellAlign\": \"center\",\n            \"imagesLoaded\": true,\n            \"lazyLoad\": 1,\n            \"freeScroll\": false,\n            \"wrapAround\": true,\n            \"autoPlay\": 6000,\n            \"pauseAutoPlayOnHover\" : true,\n            \"prevNextButtons\": true,\n            \"contain\" : true,\n            \"adaptiveHeight\" : true,\n            \"dragThreshold\" : 10,\n            \"percentPosition\": true,\n            \"pageDots\": true,\n            \"rightToLeft\": false,\n            \"draggable\": true,\n            \"selectedAttraction\": 0.1,\n            \"parallax\" : 0,\n            \"friction\": 0.6        }'\n        >\n        \n\n\n     <\/div>\n\n     <div class=\"loading-spin dark large centered\"><\/div>\n\n\t<\/div>\n\n\n\n  <div class=\"banner has-hover is-full-height\" id=\"banner-830404215\">\n          <div class=\"banner-inner fill\">\n        <div class=\"banner-bg fill\" >\n            <img loading=\"lazy\" decoding=\"async\" width=\"1020\" height=\"680\" src=\"https:\/\/th-feriendomizile.de\/wp-content\/uploads\/2022\/11\/Wohn-und-Essbereich-1200x800.jpg\" class=\"bg attachment-large size-large\" alt=\"\" \/>                        <div class=\"overlay\"><\/div>            \n                    <\/div>\n\t\t\n        <div class=\"banner-layers container\">\n            <div class=\"fill banner-link\"><\/div>            \n\n   <div id=\"text-box-1746841872\" class=\"text-box banner-layer x50 md-x10 lg-x10 y50 md-y95 lg-y95 res-text\">\n              <div data-parallax=\"-1\" data-parallax-fade=\"true\">       <div data-animate=\"bounceIn\">           <div class=\"text-box-content text dark\">\n              \n              <div class=\"text-inner text-left\">\n                  \n\n<h4 class=\"uppercase thin-font\" style=\"text-align: left;\"><span style=\"color: #ffffff; background-color: #88a6bd;\"><em>&nbsp;S e e N&nbsp;<\/em><\/span><\/h4>\n<h4 class=\"uppercase thin-font\" style=\"text-align: left;\"><span style=\"font-size: 180%;\" data-line-height=\"xs\">Harzer wiesenBERG<\/span><\/h4>\n<p class=\"thin-font uppercase\"><span style=\"font-size: 150%;\">\u2013 Aktiv am Okersee<\/span><\/p>\n<p style=\"text-align: left;\"><span style=\"font-size: 100%; color: #ffffff;\">In unserem \u201eHarzer Wiesenberg\u201c erwartet sie eine moderne, in 2021 sanierte Wohnung, mit einem sehr gro\u00dfz\u00fcgigen Balkon, von dem man die Berge und zuweilen den Okerstausee erblicken kann. Sie k\u00f6nnen im eigenen, abschlie\u00dfbaren Keller Ihre Fahrr\u00e4der sichern und zwei Rodel-Schlitten und Treckingst\u00f6cke stellen wir Ihnen gerne zur Verf\u00fcgung.<\/span><\/p>\n<a data-animate=\"fadeInLeft\" href=\"https:\/\/th-feriendomizile.de\/startseite\/harzer-weitblick\/#Buchungharzerwiesenberg\" class=\"button white is-outline\" style=\"border-radius:10px;\">\n\t\t<span>Jetzt Buchen<\/span>\n\t<\/a>\n\n\n<div class=\"row\"  id=\"row-1450651989\">\n\n\n\t<div id=\"col-198601688\" class=\"col medium-3 small-6 large-3\"  >\n\t\t\t\t<div class=\"col-inner\"  >\n\t\t\t\n\t\t\t\n\n<p><img loading=\"lazy\" decoding=\"async\" class=\"wp-image-290 alignnone\" src=\"http:\/\/th-feriendomizile.de\/wp-content\/uploads\/2022\/10\/ICONS-01-1-400x400.png\" alt=\"\" width=\"35\" height=\"35\" srcset=\"https:\/\/th-feriendomizile.de\/wp-content\/uploads\/2022\/10\/ICONS-01-1-400x400.png 400w, https:\/\/th-feriendomizile.de\/wp-content\/uploads\/2022\/10\/ICONS-01-1-800x800.png 800w, https:\/\/th-feriendomizile.de\/wp-content\/uploads\/2022\/10\/ICONS-01-1-280x280.png 280w, https:\/\/th-feriendomizile.de\/wp-content\/uploads\/2022\/10\/ICONS-01-1-768x768.png 768w, https:\/\/th-feriendomizile.de\/wp-content\/uploads\/2022\/10\/ICONS-01-1-1536x1536.png 1536w, https:\/\/th-feriendomizile.de\/wp-content\/uploads\/2022\/10\/ICONS-01-1-2048x2048.png 2048w, https:\/\/th-feriendomizile.de\/wp-content\/uploads\/2022\/10\/ICONS-01-1-20x20.png 20w\" sizes=\"auto, (max-width: 35px) 100vw, 35px\" \/> <span style=\"color: #ffffff; font-size: 90%;\">H a r z<\/span><\/p>\n\n\t\t<\/div>\n\t\t\t\t\t<\/div>\n\n\t\n\n\t<div id=\"col-1203115053\" class=\"col medium-3 small-6 large-3\"  >\n\t\t\t\t<div class=\"col-inner\"  >\n\t\t\t\n\t\t\t\n\n<p><img loading=\"lazy\" decoding=\"async\" class=\"alignnone  wp-image-280\" src=\"http:\/\/th-feriendomizile.de\/wp-content\/uploads\/2022\/10\/ICONS-02-400x400.png\" alt=\"\" width=\"35\" height=\"35\" srcset=\"https:\/\/th-feriendomizile.de\/wp-content\/uploads\/2022\/10\/ICONS-02-400x400.png 400w, https:\/\/th-feriendomizile.de\/wp-content\/uploads\/2022\/10\/ICONS-02-800x800.png 800w, https:\/\/th-feriendomizile.de\/wp-content\/uploads\/2022\/10\/ICONS-02-280x280.png 280w, https:\/\/th-feriendomizile.de\/wp-content\/uploads\/2022\/10\/ICONS-02-768x768.png 768w, https:\/\/th-feriendomizile.de\/wp-content\/uploads\/2022\/10\/ICONS-02-1536x1536.png 1536w, https:\/\/th-feriendomizile.de\/wp-content\/uploads\/2022\/10\/ICONS-02-2048x2048.png 2048w, https:\/\/th-feriendomizile.de\/wp-content\/uploads\/2022\/10\/ICONS-02-20x20.png 20w\" sizes=\"auto, (max-width: 35px) 100vw, 35px\" \/>&nbsp;<span style=\"color: #ffffff; font-size: 90%;\">5 3 m 2<\/span><\/p>\n\n\t\t<\/div>\n\t\t\t\t\t<\/div>\n\n\t\n\n\t<div id=\"col-1519520917\" class=\"col medium-3 small-6 large-3\"  >\n\t\t\t\t<div class=\"col-inner\"  >\n\t\t\t\n\t\t\t\n\n<p><img loading=\"lazy\" decoding=\"async\" class=\"alignnone  wp-image-281\" src=\"http:\/\/th-feriendomizile.de\/wp-content\/uploads\/2022\/10\/ICONS-03-400x400.png\" alt=\"\" width=\"35\" height=\"35\" srcset=\"https:\/\/th-feriendomizile.de\/wp-content\/uploads\/2022\/10\/ICONS-03-400x400.png 400w, https:\/\/th-feriendomizile.de\/wp-content\/uploads\/2022\/10\/ICONS-03-800x800.png 800w, https:\/\/th-feriendomizile.de\/wp-content\/uploads\/2022\/10\/ICONS-03-280x280.png 280w, https:\/\/th-feriendomizile.de\/wp-content\/uploads\/2022\/10\/ICONS-03-768x768.png 768w, https:\/\/th-feriendomizile.de\/wp-content\/uploads\/2022\/10\/ICONS-03-1536x1536.png 1536w, https:\/\/th-feriendomizile.de\/wp-content\/uploads\/2022\/10\/ICONS-03-2048x2048.png 2048w, https:\/\/th-feriendomizile.de\/wp-content\/uploads\/2022\/10\/ICONS-03-20x20.png 20w\" sizes=\"auto, (max-width: 35px) 100vw, 35px\" \/><span style=\"color: #ffffff; font-size: 90%;\"> 1 Bad<\/span><\/p>\n\n\t\t<\/div>\n\t\t\t\t\t<\/div>\n\n\t\n\n\t<div id=\"col-1043813738\" class=\"col medium-3 small-6 large-3\"  >\n\t\t\t\t<div class=\"col-inner\"  >\n\t\t\t\n\t\t\t\n\n<p><span style=\"color: #ffffff;\"><img loading=\"lazy\" decoding=\"async\" class=\"alignnone  wp-image-278\" src=\"http:\/\/th-feriendomizile.de\/wp-content\/uploads\/2022\/10\/ICONS-04-400x400.png\" alt=\"\" width=\"35\" height=\"35\" srcset=\"https:\/\/th-feriendomizile.de\/wp-content\/uploads\/2022\/10\/ICONS-04-400x400.png 400w, https:\/\/th-feriendomizile.de\/wp-content\/uploads\/2022\/10\/ICONS-04-800x800.png 800w, https:\/\/th-feriendomizile.de\/wp-content\/uploads\/2022\/10\/ICONS-04-280x280.png 280w, https:\/\/th-feriendomizile.de\/wp-content\/uploads\/2022\/10\/ICONS-04-768x768.png 768w, https:\/\/th-feriendomizile.de\/wp-content\/uploads\/2022\/10\/ICONS-04-1536x1536.png 1536w, https:\/\/th-feriendomizile.de\/wp-content\/uploads\/2022\/10\/ICONS-04-2048x2048.png 2048w, https:\/\/th-feriendomizile.de\/wp-content\/uploads\/2022\/10\/ICONS-04-20x20.png 20w\" sizes=\"auto, (max-width: 35px) 100vw, 35px\" \/>2<span style=\"font-size: 90%;\">&nbsp;Personen<\/span><\/span><\/p>\n\n\t\t<\/div>\n\t\t\t\t\t<\/div>\n\n\t\n\n<\/div>\n\n              <\/div>\n           <\/div>\n       <\/div>       <\/div>              \n<style>\n#text-box-1746841872 {\n  width: 80%;\n}\n#text-box-1746841872 .text-box-content {\n  font-size: 100%;\n}\n@media (min-width:550px) {\n  #text-box-1746841872 {\n    width: 52%;\n  }\n}\n<\/style>\n    <\/div>\n \n\n        <\/div>\n      <\/div>\n\n            \n<style>\n#banner-830404215 {\n  padding-top: 100%;\n}\n#banner-830404215 .overlay {\n  background-color: rgba(90, 106, 114, 0.785);\n}\n#banner-830404215 .banner-bg img {\n  object-position: 68% 27%;\n}\n<\/style>\n  <\/div>\n\n\n\n  \n    <div class=\"row large-columns-3 medium-columns- small-columns-2 row-full-width slider row-slider slider-nav-simple slider-nav-light\"  data-flickity-options='{&quot;imagesLoaded&quot;: true, &quot;groupCells&quot;: &quot;100%&quot;, &quot;dragThreshold&quot; : 5, &quot;cellAlign&quot;: &quot;left&quot;,&quot;wrapAround&quot;: true,&quot;prevNextButtons&quot;: true,&quot;percentPosition&quot;: true,&quot;pageDots&quot;: false, &quot;rightToLeft&quot;: false, &quot;autoPlay&quot; : 4000}' >\n\n  <div class=\"gallery-col col\" data-animate=\"fadeInLeft\">\n          <div class=\"col-inner\">\n                        <div class=\"box has-hover gallery-box box-overlay dark\">\n              <div class=\"box-image box-shadow-5 box-shadow-5-hover image-cover\" style=\"padding-top:70%;\">\n                <img loading=\"lazy\" decoding=\"async\" width=\"711\" height=\"400\" src=\"https:\/\/th-feriendomizile.de\/wp-content\/uploads\/2023\/05\/IMG_20200918_1419221-711x400.jpg\" class=\"attachment-medium size-medium\" alt=\"\" ids=\"1091,1105,1068,1073,607,1074,1080,1064,1085,1061,1069,1081,1079,597,1075,1065,1106,1066,598,599,1078,596,1084,1067,1115,2056,1095,1094,1110,1092,1093,837,831\" lightbox=\"false\" type=\"slider\" columns=\"3\" depth=\"5\" depth_hover=\"5\" animate=\"fadeInLeft\" slider_nav_style=\"simple\" slider_nav_color=\"light\" auto_slide=\"4000\" image_height=\"70%\" image_size=\"medium\" srcset=\"https:\/\/th-feriendomizile.de\/wp-content\/uploads\/2023\/05\/IMG_20200918_1419221-711x400.jpg 711w, https:\/\/th-feriendomizile.de\/wp-content\/uploads\/2023\/05\/IMG_20200918_1419221-1400x788.jpg 1400w, https:\/\/th-feriendomizile.de\/wp-content\/uploads\/2023\/05\/IMG_20200918_1419221-768x432.jpg 768w, https:\/\/th-feriendomizile.de\/wp-content\/uploads\/2023\/05\/IMG_20200918_1419221-1536x864.jpg 1536w, https:\/\/th-feriendomizile.de\/wp-content\/uploads\/2023\/05\/IMG_20200918_1419221-2048x1152.jpg 2048w\" sizes=\"auto, (max-width: 711px) 100vw, 711px\" \/>                                  <div class=\"overlay fill\"\n                      style=\"background-color: rgba(0,0,0,.15)\">\n                  <\/div>\n                                                              <\/div>\n              <div class=\"box-text text-left\" >\n                 <p>Schulenberg am Okersee<\/p>\n              <\/div>\n            <\/div>\n                      <\/div>\n         <\/div><div class=\"gallery-col col\" data-animate=\"fadeInLeft\">\n          <div class=\"col-inner\">\n                        <div class=\"box has-hover gallery-box box-overlay dark\">\n              <div class=\"box-image box-shadow-5 box-shadow-5-hover image-cover\" style=\"padding-top:70%;\">\n                <img loading=\"lazy\" decoding=\"async\" width=\"600\" height=\"400\" src=\"https:\/\/th-feriendomizile.de\/wp-content\/uploads\/2023\/05\/6l26j8gd-2.png\" class=\"attachment-medium size-medium\" alt=\"\" ids=\"1091,1105,1068,1073,607,1074,1080,1064,1085,1061,1069,1081,1079,597,1075,1065,1106,1066,598,599,1078,596,1084,1067,1115,2056,1095,1094,1110,1092,1093,837,831\" lightbox=\"false\" type=\"slider\" columns=\"3\" depth=\"5\" depth_hover=\"5\" animate=\"fadeInLeft\" slider_nav_style=\"simple\" slider_nav_color=\"light\" auto_slide=\"4000\" image_height=\"70%\" image_size=\"medium\" srcset=\"https:\/\/th-feriendomizile.de\/wp-content\/uploads\/2023\/05\/6l26j8gd-2.png 600w, https:\/\/th-feriendomizile.de\/wp-content\/uploads\/2023\/05\/6l26j8gd-2-20x13.png 20w\" sizes=\"auto, (max-width: 600px) 100vw, 600px\" \/>                                  <div class=\"overlay fill\"\n                      style=\"background-color: rgba(0,0,0,.15)\">\n                  <\/div>\n                                                              <\/div>\n              <div class=\"box-text text-left\" >\n                 <p>Die Anlage, der gro\u00dfe Balkon<\/p>\n              <\/div>\n            <\/div>\n                      <\/div>\n         <\/div><div class=\"gallery-col col\" data-animate=\"fadeInLeft\">\n          <div class=\"col-inner\">\n                        <div class=\"box has-hover gallery-box box-overlay dark\">\n              <div class=\"box-image box-shadow-5 box-shadow-5-hover image-cover\" style=\"padding-top:70%;\">\n                <img loading=\"lazy\" decoding=\"async\" width=\"600\" height=\"400\" src=\"https:\/\/th-feriendomizile.de\/wp-content\/uploads\/2023\/05\/Tuerschild-FeWo-Harzer-Wiesenberg-600x400.jpg\" class=\"attachment-medium size-medium\" alt=\"\" ids=\"1091,1105,1068,1073,607,1074,1080,1064,1085,1061,1069,1081,1079,597,1075,1065,1106,1066,598,599,1078,596,1084,1067,1115,2056,1095,1094,1110,1092,1093,837,831\" lightbox=\"false\" type=\"slider\" columns=\"3\" depth=\"5\" depth_hover=\"5\" animate=\"fadeInLeft\" slider_nav_style=\"simple\" slider_nav_color=\"light\" auto_slide=\"4000\" image_height=\"70%\" image_size=\"medium\" srcset=\"https:\/\/th-feriendomizile.de\/wp-content\/uploads\/2023\/05\/Tuerschild-FeWo-Harzer-Wiesenberg-600x400.jpg 600w, https:\/\/th-feriendomizile.de\/wp-content\/uploads\/2023\/05\/Tuerschild-FeWo-Harzer-Wiesenberg-1200x800.jpg 1200w, https:\/\/th-feriendomizile.de\/wp-content\/uploads\/2023\/05\/Tuerschild-FeWo-Harzer-Wiesenberg-768x512.jpg 768w, https:\/\/th-feriendomizile.de\/wp-content\/uploads\/2023\/05\/Tuerschild-FeWo-Harzer-Wiesenberg-1536x1024.jpg 1536w, https:\/\/th-feriendomizile.de\/wp-content\/uploads\/2023\/05\/Tuerschild-FeWo-Harzer-Wiesenberg-2048x1365.jpg 2048w\" sizes=\"auto, (max-width: 600px) 100vw, 600px\" \/>                                  <div class=\"overlay fill\"\n                      style=\"background-color: rgba(0,0,0,.15)\">\n                  <\/div>\n                                                              <\/div>\n              <div class=\"box-text text-left\" >\n                 <p>Sch\u00f6n, dass Sie da sind<\/p>\n              <\/div>\n            <\/div>\n                      <\/div>\n         <\/div><div class=\"gallery-col col\" data-animate=\"fadeInLeft\">\n          <div class=\"col-inner\">\n                        <div class=\"box has-hover gallery-box box-overlay dark\">\n              <div class=\"box-image box-shadow-5 box-shadow-5-hover image-cover\" style=\"padding-top:70%;\">\n                <img loading=\"lazy\" decoding=\"async\" width=\"600\" height=\"400\" src=\"https:\/\/th-feriendomizile.de\/wp-content\/uploads\/2023\/05\/Wohnzimmer-mit-Sitzecke-und-Blick-auf-die-Kueche-FeWo-Harzer-Wiesenberg-600x400.jpg\" class=\"attachment-medium size-medium\" alt=\"\" ids=\"1091,1105,1068,1073,607,1074,1080,1064,1085,1061,1069,1081,1079,597,1075,1065,1106,1066,598,599,1078,596,1084,1067,1115,2056,1095,1094,1110,1092,1093,837,831\" lightbox=\"false\" type=\"slider\" columns=\"3\" depth=\"5\" depth_hover=\"5\" animate=\"fadeInLeft\" slider_nav_style=\"simple\" slider_nav_color=\"light\" auto_slide=\"4000\" image_height=\"70%\" image_size=\"medium\" srcset=\"https:\/\/th-feriendomizile.de\/wp-content\/uploads\/2023\/05\/Wohnzimmer-mit-Sitzecke-und-Blick-auf-die-Kueche-FeWo-Harzer-Wiesenberg-600x400.jpg 600w, https:\/\/th-feriendomizile.de\/wp-content\/uploads\/2023\/05\/Wohnzimmer-mit-Sitzecke-und-Blick-auf-die-Kueche-FeWo-Harzer-Wiesenberg-1200x800.jpg 1200w, https:\/\/th-feriendomizile.de\/wp-content\/uploads\/2023\/05\/Wohnzimmer-mit-Sitzecke-und-Blick-auf-die-Kueche-FeWo-Harzer-Wiesenberg-768x512.jpg 768w, https:\/\/th-feriendomizile.de\/wp-content\/uploads\/2023\/05\/Wohnzimmer-mit-Sitzecke-und-Blick-auf-die-Kueche-FeWo-Harzer-Wiesenberg-1536x1024.jpg 1536w, https:\/\/th-feriendomizile.de\/wp-content\/uploads\/2023\/05\/Wohnzimmer-mit-Sitzecke-und-Blick-auf-die-Kueche-FeWo-Harzer-Wiesenberg-2048x1365.jpg 2048w\" sizes=\"auto, (max-width: 600px) 100vw, 600px\" \/>                                  <div class=\"overlay fill\"\n                      style=\"background-color: rgba(0,0,0,.15)\">\n                  <\/div>\n                                                              <\/div>\n              <div class=\"box-text text-left\" >\n                 <p>Der Wohn- und Essbereich<\/p>\n              <\/div>\n            <\/div>\n                      <\/div>\n         <\/div><div class=\"gallery-col col\" data-animate=\"fadeInLeft\">\n          <div class=\"col-inner\">\n                        <div class=\"box has-hover gallery-box box-overlay dark\">\n              <div class=\"box-image box-shadow-5 box-shadow-5-hover image-cover\" style=\"padding-top:70%;\">\n                <img loading=\"lazy\" decoding=\"async\" width=\"600\" height=\"400\" src=\"https:\/\/th-feriendomizile.de\/wp-content\/uploads\/2022\/11\/Wohnzimmer-600x400.jpg\" class=\"attachment-medium size-medium\" alt=\"\" ids=\"1091,1105,1068,1073,607,1074,1080,1064,1085,1061,1069,1081,1079,597,1075,1065,1106,1066,598,599,1078,596,1084,1067,1115,2056,1095,1094,1110,1092,1093,837,831\" lightbox=\"false\" type=\"slider\" columns=\"3\" depth=\"5\" depth_hover=\"5\" animate=\"fadeInLeft\" slider_nav_style=\"simple\" slider_nav_color=\"light\" auto_slide=\"4000\" image_height=\"70%\" image_size=\"medium\" srcset=\"https:\/\/th-feriendomizile.de\/wp-content\/uploads\/2022\/11\/Wohnzimmer-600x400.jpg 600w, https:\/\/th-feriendomizile.de\/wp-content\/uploads\/2022\/11\/Wohnzimmer-1200x800.jpg 1200w, https:\/\/th-feriendomizile.de\/wp-content\/uploads\/2022\/11\/Wohnzimmer-768x512.jpg 768w, https:\/\/th-feriendomizile.de\/wp-content\/uploads\/2022\/11\/Wohnzimmer-1536x1024.jpg 1536w, https:\/\/th-feriendomizile.de\/wp-content\/uploads\/2022\/11\/Wohnzimmer-2048x1365.jpg 2048w\" sizes=\"auto, (max-width: 600px) 100vw, 600px\" \/>                                  <div class=\"overlay fill\"\n                      style=\"background-color: rgba(0,0,0,.15)\">\n                  <\/div>\n                                                              <\/div>\n              <div class=\"box-text text-left\" >\n                 <p>Schrankwand mit...<\/p>\n              <\/div>\n            <\/div>\n                      <\/div>\n         <\/div><div class=\"gallery-col col\" data-animate=\"fadeInLeft\">\n          <div class=\"col-inner\">\n                        <div class=\"box has-hover gallery-box box-overlay dark\">\n              <div class=\"box-image box-shadow-5 box-shadow-5-hover image-cover\" style=\"padding-top:70%;\">\n                <img loading=\"lazy\" decoding=\"async\" width=\"600\" height=\"400\" src=\"https:\/\/th-feriendomizile.de\/wp-content\/uploads\/2023\/05\/Wohnzimmer-Smart-TV-FeWo-Harzer-Wiesenberg-600x400.jpg\" class=\"attachment-medium size-medium\" alt=\"\" ids=\"1091,1105,1068,1073,607,1074,1080,1064,1085,1061,1069,1081,1079,597,1075,1065,1106,1066,598,599,1078,596,1084,1067,1115,2056,1095,1094,1110,1092,1093,837,831\" lightbox=\"false\" type=\"slider\" columns=\"3\" depth=\"5\" depth_hover=\"5\" animate=\"fadeInLeft\" slider_nav_style=\"simple\" slider_nav_color=\"light\" auto_slide=\"4000\" image_height=\"70%\" image_size=\"medium\" srcset=\"https:\/\/th-feriendomizile.de\/wp-content\/uploads\/2023\/05\/Wohnzimmer-Smart-TV-FeWo-Harzer-Wiesenberg-600x400.jpg 600w, https:\/\/th-feriendomizile.de\/wp-content\/uploads\/2023\/05\/Wohnzimmer-Smart-TV-FeWo-Harzer-Wiesenberg-1200x800.jpg 1200w, https:\/\/th-feriendomizile.de\/wp-content\/uploads\/2023\/05\/Wohnzimmer-Smart-TV-FeWo-Harzer-Wiesenberg-768x512.jpg 768w, https:\/\/th-feriendomizile.de\/wp-content\/uploads\/2023\/05\/Wohnzimmer-Smart-TV-FeWo-Harzer-Wiesenberg-1536x1024.jpg 1536w, https:\/\/th-feriendomizile.de\/wp-content\/uploads\/2023\/05\/Wohnzimmer-Smart-TV-FeWo-Harzer-Wiesenberg-2048x1365.jpg 2048w\" sizes=\"auto, (max-width: 600px) 100vw, 600px\" \/>                                  <div class=\"overlay fill\"\n                      style=\"background-color: rgba(0,0,0,.15)\">\n                  <\/div>\n                                                              <\/div>\n              <div class=\"box-text text-left\" >\n                 <p>gro\u00dfem Smart-TV und Soundbar<\/p>\n              <\/div>\n            <\/div>\n                      <\/div>\n         <\/div><div class=\"gallery-col col\" data-animate=\"fadeInLeft\">\n          <div class=\"col-inner\">\n                        <div class=\"box has-hover gallery-box box-overlay dark\">\n              <div class=\"box-image box-shadow-5 box-shadow-5-hover image-cover\" style=\"padding-top:70%;\">\n                <img loading=\"lazy\" decoding=\"async\" width=\"600\" height=\"400\" src=\"https:\/\/th-feriendomizile.de\/wp-content\/uploads\/2023\/05\/Esstisch-mit-Barhockern-im-Wohnbereich-FeWo-Harzer-Wiesenberg-600x400.jpg\" class=\"attachment-medium size-medium\" alt=\"\" ids=\"1091,1105,1068,1073,607,1074,1080,1064,1085,1061,1069,1081,1079,597,1075,1065,1106,1066,598,599,1078,596,1084,1067,1115,2056,1095,1094,1110,1092,1093,837,831\" lightbox=\"false\" type=\"slider\" columns=\"3\" depth=\"5\" depth_hover=\"5\" animate=\"fadeInLeft\" slider_nav_style=\"simple\" slider_nav_color=\"light\" auto_slide=\"4000\" image_height=\"70%\" image_size=\"medium\" srcset=\"https:\/\/th-feriendomizile.de\/wp-content\/uploads\/2023\/05\/Esstisch-mit-Barhockern-im-Wohnbereich-FeWo-Harzer-Wiesenberg-600x400.jpg 600w, https:\/\/th-feriendomizile.de\/wp-content\/uploads\/2023\/05\/Esstisch-mit-Barhockern-im-Wohnbereich-FeWo-Harzer-Wiesenberg-1200x800.jpg 1200w, https:\/\/th-feriendomizile.de\/wp-content\/uploads\/2023\/05\/Esstisch-mit-Barhockern-im-Wohnbereich-FeWo-Harzer-Wiesenberg-768x512.jpg 768w, https:\/\/th-feriendomizile.de\/wp-content\/uploads\/2023\/05\/Esstisch-mit-Barhockern-im-Wohnbereich-FeWo-Harzer-Wiesenberg-1536x1024.jpg 1536w, https:\/\/th-feriendomizile.de\/wp-content\/uploads\/2023\/05\/Esstisch-mit-Barhockern-im-Wohnbereich-FeWo-Harzer-Wiesenberg-2048x1366.jpg 2048w\" sizes=\"auto, (max-width: 600px) 100vw, 600px\" \/>                                  <div class=\"overlay fill\"\n                      style=\"background-color: rgba(0,0,0,.15)\">\n                  <\/div>\n                                                              <\/div>\n              <div class=\"box-text text-left\" >\n                 <p>Essen mit...<\/p>\n              <\/div>\n            <\/div>\n                      <\/div>\n         <\/div><div class=\"gallery-col col\" data-animate=\"fadeInLeft\">\n          <div class=\"col-inner\">\n                        <div class=\"box has-hover gallery-box box-overlay dark\">\n              <div class=\"box-image box-shadow-5 box-shadow-5-hover image-cover\" style=\"padding-top:70%;\">\n                <img loading=\"lazy\" decoding=\"async\" width=\"600\" height=\"400\" src=\"https:\/\/th-feriendomizile.de\/wp-content\/uploads\/2023\/05\/Nahaufnahme-Bartisch-FeWo-Harzer-Wiesenberg-600x400.jpg\" class=\"attachment-medium size-medium\" alt=\"\" ids=\"1091,1105,1068,1073,607,1074,1080,1064,1085,1061,1069,1081,1079,597,1075,1065,1106,1066,598,599,1078,596,1084,1067,1115,2056,1095,1094,1110,1092,1093,837,831\" lightbox=\"false\" type=\"slider\" columns=\"3\" depth=\"5\" depth_hover=\"5\" animate=\"fadeInLeft\" slider_nav_style=\"simple\" slider_nav_color=\"light\" auto_slide=\"4000\" image_height=\"70%\" image_size=\"medium\" srcset=\"https:\/\/th-feriendomizile.de\/wp-content\/uploads\/2023\/05\/Nahaufnahme-Bartisch-FeWo-Harzer-Wiesenberg-600x400.jpg 600w, https:\/\/th-feriendomizile.de\/wp-content\/uploads\/2023\/05\/Nahaufnahme-Bartisch-FeWo-Harzer-Wiesenberg-1200x800.jpg 1200w, https:\/\/th-feriendomizile.de\/wp-content\/uploads\/2023\/05\/Nahaufnahme-Bartisch-FeWo-Harzer-Wiesenberg-768x512.jpg 768w, https:\/\/th-feriendomizile.de\/wp-content\/uploads\/2023\/05\/Nahaufnahme-Bartisch-FeWo-Harzer-Wiesenberg-1536x1024.jpg 1536w, https:\/\/th-feriendomizile.de\/wp-content\/uploads\/2023\/05\/Nahaufnahme-Bartisch-FeWo-Harzer-Wiesenberg-2048x1365.jpg 2048w\" sizes=\"auto, (max-width: 600px) 100vw, 600px\" \/>                                  <div class=\"overlay fill\"\n                      style=\"background-color: rgba(0,0,0,.15)\">\n                  <\/div>\n                                                              <\/div>\n              <div class=\"box-text text-left\" >\n                 <p>Stil<\/p>\n              <\/div>\n            <\/div>\n                      <\/div>\n         <\/div><div class=\"gallery-col col\" data-animate=\"fadeInLeft\">\n          <div class=\"col-inner\">\n                        <div class=\"box has-hover gallery-box box-overlay dark\">\n              <div class=\"box-image box-shadow-5 box-shadow-5-hover image-cover\" style=\"padding-top:70%;\">\n                <img loading=\"lazy\" decoding=\"async\" width=\"600\" height=\"400\" src=\"https:\/\/th-feriendomizile.de\/wp-content\/uploads\/2023\/05\/Kueche-aus-Sicht-vom-Wohnzimmer-FeWo-Harzer-Wiesenberg-600x400.jpg\" class=\"attachment-medium size-medium\" alt=\"\" ids=\"1091,1105,1068,1073,607,1074,1080,1064,1085,1061,1069,1081,1079,597,1075,1065,1106,1066,598,599,1078,596,1084,1067,1115,2056,1095,1094,1110,1092,1093,837,831\" lightbox=\"false\" type=\"slider\" columns=\"3\" depth=\"5\" depth_hover=\"5\" animate=\"fadeInLeft\" slider_nav_style=\"simple\" slider_nav_color=\"light\" auto_slide=\"4000\" image_height=\"70%\" image_size=\"medium\" srcset=\"https:\/\/th-feriendomizile.de\/wp-content\/uploads\/2023\/05\/Kueche-aus-Sicht-vom-Wohnzimmer-FeWo-Harzer-Wiesenberg-600x400.jpg 600w, https:\/\/th-feriendomizile.de\/wp-content\/uploads\/2023\/05\/Kueche-aus-Sicht-vom-Wohnzimmer-FeWo-Harzer-Wiesenberg-1200x800.jpg 1200w, https:\/\/th-feriendomizile.de\/wp-content\/uploads\/2023\/05\/Kueche-aus-Sicht-vom-Wohnzimmer-FeWo-Harzer-Wiesenberg-768x512.jpg 768w, https:\/\/th-feriendomizile.de\/wp-content\/uploads\/2023\/05\/Kueche-aus-Sicht-vom-Wohnzimmer-FeWo-Harzer-Wiesenberg-1536x1024.jpg 1536w, https:\/\/th-feriendomizile.de\/wp-content\/uploads\/2023\/05\/Kueche-aus-Sicht-vom-Wohnzimmer-FeWo-Harzer-Wiesenberg-2048x1365.jpg 2048w\" sizes=\"auto, (max-width: 600px) 100vw, 600px\" \/>                                  <div class=\"overlay fill\"\n                      style=\"background-color: rgba(0,0,0,.15)\">\n                  <\/div>\n                                                              <\/div>\n              <div class=\"box-text text-left\" >\n                 <p>Sch\u00f6ne, moderne K\u00fcche ...<\/p>\n              <\/div>\n            <\/div>\n                      <\/div>\n         <\/div><div class=\"gallery-col col\" data-animate=\"fadeInLeft\">\n          <div class=\"col-inner\">\n                        <div class=\"box has-hover gallery-box box-overlay dark\">\n              <div class=\"box-image box-shadow-5 box-shadow-5-hover image-cover\" style=\"padding-top:70%;\">\n                <img loading=\"lazy\" decoding=\"async\" width=\"600\" height=\"400\" src=\"https:\/\/th-feriendomizile.de\/wp-content\/uploads\/2023\/05\/Kueche-mit-Herd-FeWo-Harzer-Wiesenberg-600x400.jpg\" class=\"attachment-medium size-medium\" alt=\"\" ids=\"1091,1105,1068,1073,607,1074,1080,1064,1085,1061,1069,1081,1079,597,1075,1065,1106,1066,598,599,1078,596,1084,1067,1115,2056,1095,1094,1110,1092,1093,837,831\" lightbox=\"false\" type=\"slider\" columns=\"3\" depth=\"5\" depth_hover=\"5\" animate=\"fadeInLeft\" slider_nav_style=\"simple\" slider_nav_color=\"light\" auto_slide=\"4000\" image_height=\"70%\" image_size=\"medium\" srcset=\"https:\/\/th-feriendomizile.de\/wp-content\/uploads\/2023\/05\/Kueche-mit-Herd-FeWo-Harzer-Wiesenberg-600x400.jpg 600w, https:\/\/th-feriendomizile.de\/wp-content\/uploads\/2023\/05\/Kueche-mit-Herd-FeWo-Harzer-Wiesenberg-1200x800.jpg 1200w, https:\/\/th-feriendomizile.de\/wp-content\/uploads\/2023\/05\/Kueche-mit-Herd-FeWo-Harzer-Wiesenberg-768x512.jpg 768w, https:\/\/th-feriendomizile.de\/wp-content\/uploads\/2023\/05\/Kueche-mit-Herd-FeWo-Harzer-Wiesenberg-1536x1024.jpg 1536w, https:\/\/th-feriendomizile.de\/wp-content\/uploads\/2023\/05\/Kueche-mit-Herd-FeWo-Harzer-Wiesenberg-2048x1365.jpg 2048w\" sizes=\"auto, (max-width: 600px) 100vw, 600px\" \/>                                  <div class=\"overlay fill\"\n                      style=\"background-color: rgba(0,0,0,.15)\">\n                  <\/div>\n                                                              <\/div>\n              <div class=\"box-text text-left\" >\n                 <p>mit Backofen, Geschirrsp\u00fcler, Mikrowelle<\/p>\n              <\/div>\n            <\/div>\n                      <\/div>\n         <\/div><div class=\"gallery-col col\" data-animate=\"fadeInLeft\">\n          <div class=\"col-inner\">\n                        <div class=\"box has-hover gallery-box box-overlay dark\">\n              <div class=\"box-image box-shadow-5 box-shadow-5-hover image-cover\" style=\"padding-top:70%;\">\n                <img loading=\"lazy\" decoding=\"async\" width=\"267\" height=\"400\" src=\"https:\/\/th-feriendomizile.de\/wp-content\/uploads\/2023\/05\/Willkommenspraesent-fuer-Hund-und-Gast-FeWo-Harzer-Wiesenberg-267x400.jpg\" class=\"attachment-medium size-medium\" alt=\"\" ids=\"1091,1105,1068,1073,607,1074,1080,1064,1085,1061,1069,1081,1079,597,1075,1065,1106,1066,598,599,1078,596,1084,1067,1115,2056,1095,1094,1110,1092,1093,837,831\" lightbox=\"false\" type=\"slider\" columns=\"3\" depth=\"5\" depth_hover=\"5\" animate=\"fadeInLeft\" slider_nav_style=\"simple\" slider_nav_color=\"light\" auto_slide=\"4000\" image_height=\"70%\" image_size=\"medium\" srcset=\"https:\/\/th-feriendomizile.de\/wp-content\/uploads\/2023\/05\/Willkommenspraesent-fuer-Hund-und-Gast-FeWo-Harzer-Wiesenberg-267x400.jpg 267w, https:\/\/th-feriendomizile.de\/wp-content\/uploads\/2023\/05\/Willkommenspraesent-fuer-Hund-und-Gast-FeWo-Harzer-Wiesenberg-533x800.jpg 533w, https:\/\/th-feriendomizile.de\/wp-content\/uploads\/2023\/05\/Willkommenspraesent-fuer-Hund-und-Gast-FeWo-Harzer-Wiesenberg-768x1152.jpg 768w, https:\/\/th-feriendomizile.de\/wp-content\/uploads\/2023\/05\/Willkommenspraesent-fuer-Hund-und-Gast-FeWo-Harzer-Wiesenberg-1024x1536.jpg 1024w, https:\/\/th-feriendomizile.de\/wp-content\/uploads\/2023\/05\/Willkommenspraesent-fuer-Hund-und-Gast-FeWo-Harzer-Wiesenberg-1365x2048.jpg 1365w, https:\/\/th-feriendomizile.de\/wp-content\/uploads\/2023\/05\/Willkommenspraesent-fuer-Hund-und-Gast-FeWo-Harzer-Wiesenberg-scaled.jpg 1707w\" sizes=\"auto, (max-width: 267px) 100vw, 267px\" \/>                                  <div class=\"overlay fill\"\n                      style=\"background-color: rgba(0,0,0,.15)\">\n                  <\/div>\n                                                              <\/div>\n              <div class=\"box-text text-left\" >\n                 <p>Das Gastgeschenk f\u00fcr Mensch... <\/p>\n              <\/div>\n            <\/div>\n                      <\/div>\n         <\/div><div class=\"gallery-col col\" data-animate=\"fadeInLeft\">\n          <div class=\"col-inner\">\n                        <div class=\"box has-hover gallery-box box-overlay dark\">\n              <div class=\"box-image box-shadow-5 box-shadow-5-hover image-cover\" style=\"padding-top:70%;\">\n                <img loading=\"lazy\" decoding=\"async\" width=\"600\" height=\"400\" src=\"https:\/\/th-feriendomizile.de\/wp-content\/uploads\/2023\/05\/Hund-FeWo-Harzer-Wiesenberg-600x400.jpg\" class=\"attachment-medium size-medium\" alt=\"\" ids=\"1091,1105,1068,1073,607,1074,1080,1064,1085,1061,1069,1081,1079,597,1075,1065,1106,1066,598,599,1078,596,1084,1067,1115,2056,1095,1094,1110,1092,1093,837,831\" lightbox=\"false\" type=\"slider\" columns=\"3\" depth=\"5\" depth_hover=\"5\" animate=\"fadeInLeft\" slider_nav_style=\"simple\" slider_nav_color=\"light\" auto_slide=\"4000\" image_height=\"70%\" image_size=\"medium\" srcset=\"https:\/\/th-feriendomizile.de\/wp-content\/uploads\/2023\/05\/Hund-FeWo-Harzer-Wiesenberg-600x400.jpg 600w, https:\/\/th-feriendomizile.de\/wp-content\/uploads\/2023\/05\/Hund-FeWo-Harzer-Wiesenberg-1200x800.jpg 1200w, https:\/\/th-feriendomizile.de\/wp-content\/uploads\/2023\/05\/Hund-FeWo-Harzer-Wiesenberg-768x512.jpg 768w, https:\/\/th-feriendomizile.de\/wp-content\/uploads\/2023\/05\/Hund-FeWo-Harzer-Wiesenberg-1536x1024.jpg 1536w, https:\/\/th-feriendomizile.de\/wp-content\/uploads\/2023\/05\/Hund-FeWo-Harzer-Wiesenberg-2048x1365.jpg 2048w\" sizes=\"auto, (max-width: 600px) 100vw, 600px\" \/>                                  <div class=\"overlay fill\"\n                      style=\"background-color: rgba(0,0,0,.15)\">\n                  <\/div>\n                                                              <\/div>\n              <div class=\"box-text text-left\" >\n                 <p>und Hund<\/p>\n              <\/div>\n            <\/div>\n                      <\/div>\n         <\/div><div class=\"gallery-col col\" data-animate=\"fadeInLeft\">\n          <div class=\"col-inner\">\n                        <div class=\"box has-hover gallery-box box-overlay dark\">\n              <div class=\"box-image box-shadow-5 box-shadow-5-hover image-cover\" style=\"padding-top:70%;\">\n                <img loading=\"lazy\" decoding=\"async\" width=\"267\" height=\"400\" src=\"https:\/\/th-feriendomizile.de\/wp-content\/uploads\/2023\/05\/DTV-4-Sterne-FeWo-Harzer-Wiesenberg-267x400.jpg\" class=\"attachment-medium size-medium\" alt=\"\" ids=\"1091,1105,1068,1073,607,1074,1080,1064,1085,1061,1069,1081,1079,597,1075,1065,1106,1066,598,599,1078,596,1084,1067,1115,2056,1095,1094,1110,1092,1093,837,831\" lightbox=\"false\" type=\"slider\" columns=\"3\" depth=\"5\" depth_hover=\"5\" animate=\"fadeInLeft\" slider_nav_style=\"simple\" slider_nav_color=\"light\" auto_slide=\"4000\" image_height=\"70%\" image_size=\"medium\" srcset=\"https:\/\/th-feriendomizile.de\/wp-content\/uploads\/2023\/05\/DTV-4-Sterne-FeWo-Harzer-Wiesenberg-267x400.jpg 267w, https:\/\/th-feriendomizile.de\/wp-content\/uploads\/2023\/05\/DTV-4-Sterne-FeWo-Harzer-Wiesenberg-533x800.jpg 533w, https:\/\/th-feriendomizile.de\/wp-content\/uploads\/2023\/05\/DTV-4-Sterne-FeWo-Harzer-Wiesenberg-768x1152.jpg 768w, https:\/\/th-feriendomizile.de\/wp-content\/uploads\/2023\/05\/DTV-4-Sterne-FeWo-Harzer-Wiesenberg-1024x1536.jpg 1024w, https:\/\/th-feriendomizile.de\/wp-content\/uploads\/2023\/05\/DTV-4-Sterne-FeWo-Harzer-Wiesenberg-1365x2048.jpg 1365w, https:\/\/th-feriendomizile.de\/wp-content\/uploads\/2023\/05\/DTV-4-Sterne-FeWo-Harzer-Wiesenberg-scaled.jpg 1707w\" sizes=\"auto, (max-width: 267px) 100vw, 267px\" \/>                                  <div class=\"overlay fill\"\n                      style=\"background-color: rgba(0,0,0,.15)\">\n                  <\/div>\n                                                              <\/div>\n              <div class=\"box-text text-left\" >\n                 <p>Qualit\u00e4t ist uns wichtig<\/p>\n              <\/div>\n            <\/div>\n                      <\/div>\n         <\/div><div class=\"gallery-col col\" data-animate=\"fadeInLeft\">\n          <div class=\"col-inner\">\n                        <div class=\"box has-hover gallery-box box-overlay dark\">\n              <div class=\"box-image box-shadow-5 box-shadow-5-hover image-cover\" style=\"padding-top:70%;\">\n                <img loading=\"lazy\" decoding=\"async\" width=\"711\" height=\"400\" src=\"https:\/\/th-feriendomizile.de\/wp-content\/uploads\/2022\/11\/Bad-711x400.jpg\" class=\"attachment-medium size-medium\" alt=\"\" ids=\"1091,1105,1068,1073,607,1074,1080,1064,1085,1061,1069,1081,1079,597,1075,1065,1106,1066,598,599,1078,596,1084,1067,1115,2056,1095,1094,1110,1092,1093,837,831\" lightbox=\"false\" type=\"slider\" columns=\"3\" depth=\"5\" depth_hover=\"5\" animate=\"fadeInLeft\" slider_nav_style=\"simple\" slider_nav_color=\"light\" auto_slide=\"4000\" image_height=\"70%\" image_size=\"medium\" srcset=\"https:\/\/th-feriendomizile.de\/wp-content\/uploads\/2022\/11\/Bad-711x400.jpg 711w, https:\/\/th-feriendomizile.de\/wp-content\/uploads\/2022\/11\/Bad-1400x788.jpg 1400w, https:\/\/th-feriendomizile.de\/wp-content\/uploads\/2022\/11\/Bad-768x432.jpg 768w, https:\/\/th-feriendomizile.de\/wp-content\/uploads\/2022\/11\/Bad-1536x864.jpg 1536w, https:\/\/th-feriendomizile.de\/wp-content\/uploads\/2022\/11\/Bad-2048x1152.jpg 2048w, https:\/\/th-feriendomizile.de\/wp-content\/uploads\/2022\/11\/Bad-600x338.jpg 600w\" sizes=\"auto, (max-width: 711px) 100vw, 711px\" \/>                                  <div class=\"overlay fill\"\n                      style=\"background-color: rgba(0,0,0,.15)\">\n                  <\/div>\n                                                              <\/div>\n              <div class=\"box-text text-left\" >\n                 <p>Neues Bad mit Waschtrockner<\/p>\n              <\/div>\n            <\/div>\n                      <\/div>\n         <\/div><div class=\"gallery-col col\" data-animate=\"fadeInLeft\">\n          <div class=\"col-inner\">\n                        <div class=\"box has-hover gallery-box box-overlay dark\">\n              <div class=\"box-image box-shadow-5 box-shadow-5-hover image-cover\" style=\"padding-top:70%;\">\n                <img loading=\"lazy\" decoding=\"async\" width=\"267\" height=\"400\" src=\"https:\/\/th-feriendomizile.de\/wp-content\/uploads\/2023\/05\/Bad-Dusche-FeWo-Harzer-Wiesenberg-267x400.jpg\" class=\"attachment-medium size-medium\" alt=\"\" ids=\"1091,1105,1068,1073,607,1074,1080,1064,1085,1061,1069,1081,1079,597,1075,1065,1106,1066,598,599,1078,596,1084,1067,1115,2056,1095,1094,1110,1092,1093,837,831\" lightbox=\"false\" type=\"slider\" columns=\"3\" depth=\"5\" depth_hover=\"5\" animate=\"fadeInLeft\" slider_nav_style=\"simple\" slider_nav_color=\"light\" auto_slide=\"4000\" image_height=\"70%\" image_size=\"medium\" srcset=\"https:\/\/th-feriendomizile.de\/wp-content\/uploads\/2023\/05\/Bad-Dusche-FeWo-Harzer-Wiesenberg-267x400.jpg 267w, https:\/\/th-feriendomizile.de\/wp-content\/uploads\/2023\/05\/Bad-Dusche-FeWo-Harzer-Wiesenberg-533x800.jpg 533w, https:\/\/th-feriendomizile.de\/wp-content\/uploads\/2023\/05\/Bad-Dusche-FeWo-Harzer-Wiesenberg-768x1152.jpg 768w, https:\/\/th-feriendomizile.de\/wp-content\/uploads\/2023\/05\/Bad-Dusche-FeWo-Harzer-Wiesenberg-1024x1536.jpg 1024w, https:\/\/th-feriendomizile.de\/wp-content\/uploads\/2023\/05\/Bad-Dusche-FeWo-Harzer-Wiesenberg-1365x2048.jpg 1365w, https:\/\/th-feriendomizile.de\/wp-content\/uploads\/2023\/05\/Bad-Dusche-FeWo-Harzer-Wiesenberg-scaled.jpg 1706w\" sizes=\"auto, (max-width: 267px) 100vw, 267px\" \/>                                  <div class=\"overlay fill\"\n                      style=\"background-color: rgba(0,0,0,.15)\">\n                  <\/div>\n                                                              <\/div>\n              <div class=\"box-text text-left\" >\n                 <p>und Dusche<\/p>\n              <\/div>\n            <\/div>\n                      <\/div>\n         <\/div><div class=\"gallery-col col\" data-animate=\"fadeInLeft\">\n          <div class=\"col-inner\">\n                        <div class=\"box has-hover gallery-box box-overlay dark\">\n              <div class=\"box-image box-shadow-5 box-shadow-5-hover image-cover\" style=\"padding-top:70%;\">\n                <img loading=\"lazy\" decoding=\"async\" width=\"600\" height=\"400\" src=\"https:\/\/th-feriendomizile.de\/wp-content\/uploads\/2023\/05\/Schlafzimmer-Bett-180x200cm-FeWo-Harzer-Wiesenberg-600x400.jpg\" class=\"attachment-medium size-medium\" alt=\"\" ids=\"1091,1105,1068,1073,607,1074,1080,1064,1085,1061,1069,1081,1079,597,1075,1065,1106,1066,598,599,1078,596,1084,1067,1115,2056,1095,1094,1110,1092,1093,837,831\" lightbox=\"false\" type=\"slider\" columns=\"3\" depth=\"5\" depth_hover=\"5\" animate=\"fadeInLeft\" slider_nav_style=\"simple\" slider_nav_color=\"light\" auto_slide=\"4000\" image_height=\"70%\" image_size=\"medium\" srcset=\"https:\/\/th-feriendomizile.de\/wp-content\/uploads\/2023\/05\/Schlafzimmer-Bett-180x200cm-FeWo-Harzer-Wiesenberg-600x400.jpg 600w, https:\/\/th-feriendomizile.de\/wp-content\/uploads\/2023\/05\/Schlafzimmer-Bett-180x200cm-FeWo-Harzer-Wiesenberg-1200x800.jpg 1200w, https:\/\/th-feriendomizile.de\/wp-content\/uploads\/2023\/05\/Schlafzimmer-Bett-180x200cm-FeWo-Harzer-Wiesenberg-768x512.jpg 768w, https:\/\/th-feriendomizile.de\/wp-content\/uploads\/2023\/05\/Schlafzimmer-Bett-180x200cm-FeWo-Harzer-Wiesenberg-1536x1024.jpg 1536w, https:\/\/th-feriendomizile.de\/wp-content\/uploads\/2023\/05\/Schlafzimmer-Bett-180x200cm-FeWo-Harzer-Wiesenberg-2048x1366.jpg 2048w\" sizes=\"auto, (max-width: 600px) 100vw, 600px\" \/>                                  <div class=\"overlay fill\"\n                      style=\"background-color: rgba(0,0,0,.15)\">\n                  <\/div>\n                                                              <\/div>\n              <div class=\"box-text text-left\" >\n                 <p>Bequemes Bett und ...<\/p>\n              <\/div>\n            <\/div>\n                      <\/div>\n         <\/div><div class=\"gallery-col col\" data-animate=\"fadeInLeft\">\n          <div class=\"col-inner\">\n                        <div class=\"box has-hover gallery-box box-overlay dark\">\n              <div class=\"box-image box-shadow-5 box-shadow-5-hover image-cover\" style=\"padding-top:70%;\">\n                <img loading=\"lazy\" decoding=\"async\" width=\"711\" height=\"400\" src=\"https:\/\/th-feriendomizile.de\/wp-content\/uploads\/2023\/05\/Bild-Okerblick-711x400.jpg\" class=\"attachment-medium size-medium\" alt=\"\" ids=\"1091,1105,1068,1073,607,1074,1080,1064,1085,1061,1069,1081,1079,597,1075,1065,1106,1066,598,599,1078,596,1084,1067,1115,2056,1095,1094,1110,1092,1093,837,831\" lightbox=\"false\" type=\"slider\" columns=\"3\" depth=\"5\" depth_hover=\"5\" animate=\"fadeInLeft\" slider_nav_style=\"simple\" slider_nav_color=\"light\" auto_slide=\"4000\" image_height=\"70%\" image_size=\"medium\" srcset=\"https:\/\/th-feriendomizile.de\/wp-content\/uploads\/2023\/05\/Bild-Okerblick-711x400.jpg 711w, https:\/\/th-feriendomizile.de\/wp-content\/uploads\/2023\/05\/Bild-Okerblick-1400x788.jpg 1400w, https:\/\/th-feriendomizile.de\/wp-content\/uploads\/2023\/05\/Bild-Okerblick-768x432.jpg 768w, https:\/\/th-feriendomizile.de\/wp-content\/uploads\/2023\/05\/Bild-Okerblick-1536x864.jpg 1536w, https:\/\/th-feriendomizile.de\/wp-content\/uploads\/2023\/05\/Bild-Okerblick-20x11.jpg 20w, https:\/\/th-feriendomizile.de\/wp-content\/uploads\/2023\/05\/Bild-Okerblick.jpg 1930w\" sizes=\"auto, (max-width: 711px) 100vw, 711px\" \/>                                  <div class=\"overlay fill\"\n                      style=\"background-color: rgba(0,0,0,.15)\">\n                  <\/div>\n                                                              <\/div>\n              <div class=\"box-text text-left\" >\n                 <p>Okerblick in \u00d6l<\/p>\n              <\/div>\n            <\/div>\n                      <\/div>\n         <\/div><div class=\"gallery-col col\" data-animate=\"fadeInLeft\">\n          <div class=\"col-inner\">\n                        <div class=\"box has-hover gallery-box box-overlay dark\">\n              <div class=\"box-image box-shadow-5 box-shadow-5-hover image-cover\" style=\"padding-top:70%;\">\n                <img loading=\"lazy\" decoding=\"async\" width=\"600\" height=\"400\" src=\"https:\/\/th-feriendomizile.de\/wp-content\/uploads\/2023\/05\/Schlafzimmer-Smart-TV-FeWo-Harzer-Wiesenberg-600x400.jpg\" class=\"attachment-medium size-medium\" alt=\"\" ids=\"1091,1105,1068,1073,607,1074,1080,1064,1085,1061,1069,1081,1079,597,1075,1065,1106,1066,598,599,1078,596,1084,1067,1115,2056,1095,1094,1110,1092,1093,837,831\" lightbox=\"false\" type=\"slider\" columns=\"3\" depth=\"5\" depth_hover=\"5\" animate=\"fadeInLeft\" slider_nav_style=\"simple\" slider_nav_color=\"light\" auto_slide=\"4000\" image_height=\"70%\" image_size=\"medium\" srcset=\"https:\/\/th-feriendomizile.de\/wp-content\/uploads\/2023\/05\/Schlafzimmer-Smart-TV-FeWo-Harzer-Wiesenberg-600x400.jpg 600w, https:\/\/th-feriendomizile.de\/wp-content\/uploads\/2023\/05\/Schlafzimmer-Smart-TV-FeWo-Harzer-Wiesenberg-1200x800.jpg 1200w, https:\/\/th-feriendomizile.de\/wp-content\/uploads\/2023\/05\/Schlafzimmer-Smart-TV-FeWo-Harzer-Wiesenberg-768x512.jpg 768w, https:\/\/th-feriendomizile.de\/wp-content\/uploads\/2023\/05\/Schlafzimmer-Smart-TV-FeWo-Harzer-Wiesenberg-1536x1024.jpg 1536w, https:\/\/th-feriendomizile.de\/wp-content\/uploads\/2023\/05\/Schlafzimmer-Smart-TV-FeWo-Harzer-Wiesenberg-2048x1365.jpg 2048w\" sizes=\"auto, (max-width: 600px) 100vw, 600px\" \/>                                  <div class=\"overlay fill\"\n                      style=\"background-color: rgba(0,0,0,.15)\">\n                  <\/div>\n                                                              <\/div>\n              <div class=\"box-text text-left\" >\n                 <p>zweiter Smart-TV<\/p>\n              <\/div>\n            <\/div>\n                      <\/div>\n         <\/div><div class=\"gallery-col col\" data-animate=\"fadeInLeft\">\n          <div class=\"col-inner\">\n                        <div class=\"box has-hover gallery-box box-overlay dark\">\n              <div class=\"box-image box-shadow-5 box-shadow-5-hover image-cover\" style=\"padding-top:70%;\">\n                <img loading=\"lazy\" decoding=\"async\" width=\"711\" height=\"400\" src=\"https:\/\/th-feriendomizile.de\/wp-content\/uploads\/2022\/11\/Balkon-Essecke-711x400.jpg\" class=\"attachment-medium size-medium\" alt=\"\" ids=\"1091,1105,1068,1073,607,1074,1080,1064,1085,1061,1069,1081,1079,597,1075,1065,1106,1066,598,599,1078,596,1084,1067,1115,2056,1095,1094,1110,1092,1093,837,831\" lightbox=\"false\" type=\"slider\" columns=\"3\" depth=\"5\" depth_hover=\"5\" animate=\"fadeInLeft\" slider_nav_style=\"simple\" slider_nav_color=\"light\" auto_slide=\"4000\" image_height=\"70%\" image_size=\"medium\" srcset=\"https:\/\/th-feriendomizile.de\/wp-content\/uploads\/2022\/11\/Balkon-Essecke-711x400.jpg 711w, https:\/\/th-feriendomizile.de\/wp-content\/uploads\/2022\/11\/Balkon-Essecke-1400x788.jpg 1400w, https:\/\/th-feriendomizile.de\/wp-content\/uploads\/2022\/11\/Balkon-Essecke-768x432.jpg 768w, https:\/\/th-feriendomizile.de\/wp-content\/uploads\/2022\/11\/Balkon-Essecke-1536x864.jpg 1536w, https:\/\/th-feriendomizile.de\/wp-content\/uploads\/2022\/11\/Balkon-Essecke-2048x1152.jpg 2048w, https:\/\/th-feriendomizile.de\/wp-content\/uploads\/2022\/11\/Balkon-Essecke-600x338.jpg 600w\" sizes=\"auto, (max-width: 711px) 100vw, 711px\" \/>                                  <div class=\"overlay fill\"\n                      style=\"background-color: rgba(0,0,0,.15)\">\n                  <\/div>\n                                                              <\/div>\n              <div class=\"box-text text-left\" >\n                 <p>Balkon mit Sitzecke, ... <\/p>\n              <\/div>\n            <\/div>\n                      <\/div>\n         <\/div><div class=\"gallery-col col\" data-animate=\"fadeInLeft\">\n          <div class=\"col-inner\">\n                        <div class=\"box has-hover gallery-box box-overlay dark\">\n              <div class=\"box-image box-shadow-5 box-shadow-5-hover image-cover\" style=\"padding-top:70%;\">\n                <img loading=\"lazy\" decoding=\"async\" width=\"600\" height=\"400\" src=\"https:\/\/th-feriendomizile.de\/wp-content\/uploads\/2022\/11\/Blick-vom-Balkon-600x400.jpg\" class=\"attachment-medium size-medium\" alt=\"\" ids=\"1091,1105,1068,1073,607,1074,1080,1064,1085,1061,1069,1081,1079,597,1075,1065,1106,1066,598,599,1078,596,1084,1067,1115,2056,1095,1094,1110,1092,1093,837,831\" lightbox=\"false\" type=\"slider\" columns=\"3\" depth=\"5\" depth_hover=\"5\" animate=\"fadeInLeft\" slider_nav_style=\"simple\" slider_nav_color=\"light\" auto_slide=\"4000\" image_height=\"70%\" image_size=\"medium\" srcset=\"https:\/\/th-feriendomizile.de\/wp-content\/uploads\/2022\/11\/Blick-vom-Balkon-600x400.jpg 600w, https:\/\/th-feriendomizile.de\/wp-content\/uploads\/2022\/11\/Blick-vom-Balkon-1200x800.jpg 1200w, https:\/\/th-feriendomizile.de\/wp-content\/uploads\/2022\/11\/Blick-vom-Balkon-768x512.jpg 768w, https:\/\/th-feriendomizile.de\/wp-content\/uploads\/2022\/11\/Blick-vom-Balkon-1536x1024.jpg 1536w, https:\/\/th-feriendomizile.de\/wp-content\/uploads\/2022\/11\/Blick-vom-Balkon-2048x1365.jpg 2048w\" sizes=\"auto, (max-width: 600px) 100vw, 600px\" \/>                                  <div class=\"overlay fill\"\n                      style=\"background-color: rgba(0,0,0,.15)\">\n                  <\/div>\n                                                              <\/div>\n              <div class=\"box-text text-left\" >\n                 <p>sch\u00f6ner Aussicht...<\/p>\n              <\/div>\n            <\/div>\n                      <\/div>\n         <\/div><div class=\"gallery-col col\" data-animate=\"fadeInLeft\">\n          <div class=\"col-inner\">\n                        <div class=\"box has-hover gallery-box box-overlay dark\">\n              <div class=\"box-image box-shadow-5 box-shadow-5-hover image-cover\" style=\"padding-top:70%;\">\n                <img loading=\"lazy\" decoding=\"async\" width=\"600\" height=\"400\" src=\"https:\/\/th-feriendomizile.de\/wp-content\/uploads\/2023\/05\/Balkon-mit-Sitz-und-Liegegelegenheit-FeWo-Harzer-Wiesenberg-600x400.jpg\" class=\"attachment-medium size-medium\" alt=\"\" ids=\"1091,1105,1068,1073,607,1074,1080,1064,1085,1061,1069,1081,1079,597,1075,1065,1106,1066,598,599,1078,596,1084,1067,1115,2056,1095,1094,1110,1092,1093,837,831\" lightbox=\"false\" type=\"slider\" columns=\"3\" depth=\"5\" depth_hover=\"5\" animate=\"fadeInLeft\" slider_nav_style=\"simple\" slider_nav_color=\"light\" auto_slide=\"4000\" image_height=\"70%\" image_size=\"medium\" srcset=\"https:\/\/th-feriendomizile.de\/wp-content\/uploads\/2023\/05\/Balkon-mit-Sitz-und-Liegegelegenheit-FeWo-Harzer-Wiesenberg-600x400.jpg 600w, https:\/\/th-feriendomizile.de\/wp-content\/uploads\/2023\/05\/Balkon-mit-Sitz-und-Liegegelegenheit-FeWo-Harzer-Wiesenberg-1200x800.jpg 1200w, https:\/\/th-feriendomizile.de\/wp-content\/uploads\/2023\/05\/Balkon-mit-Sitz-und-Liegegelegenheit-FeWo-Harzer-Wiesenberg-768x512.jpg 768w, https:\/\/th-feriendomizile.de\/wp-content\/uploads\/2023\/05\/Balkon-mit-Sitz-und-Liegegelegenheit-FeWo-Harzer-Wiesenberg-1536x1024.jpg 1536w, https:\/\/th-feriendomizile.de\/wp-content\/uploads\/2023\/05\/Balkon-mit-Sitz-und-Liegegelegenheit-FeWo-Harzer-Wiesenberg-2048x1365.jpg 2048w\" sizes=\"auto, (max-width: 600px) 100vw, 600px\" \/>                                  <div class=\"overlay fill\"\n                      style=\"background-color: rgba(0,0,0,.15)\">\n                  <\/div>\n                                                              <\/div>\n              <div class=\"box-text text-left\" >\n                 <p>und Relaxsofa<\/p>\n              <\/div>\n            <\/div>\n                      <\/div>\n         <\/div><div class=\"gallery-col col\" data-animate=\"fadeInLeft\">\n          <div class=\"col-inner\">\n                        <div class=\"box has-hover gallery-box box-overlay dark\">\n              <div class=\"box-image box-shadow-5 box-shadow-5-hover image-cover\" style=\"padding-top:70%;\">\n                <img loading=\"lazy\" decoding=\"async\" width=\"600\" height=\"400\" src=\"https:\/\/th-feriendomizile.de\/wp-content\/uploads\/2022\/11\/Blick-von-Schulenberg-auf-den-Okersee-600x400.jpg\" class=\"attachment-medium size-medium\" alt=\"\" ids=\"1091,1105,1068,1073,607,1074,1080,1064,1085,1061,1069,1081,1079,597,1075,1065,1106,1066,598,599,1078,596,1084,1067,1115,2056,1095,1094,1110,1092,1093,837,831\" lightbox=\"false\" type=\"slider\" columns=\"3\" depth=\"5\" depth_hover=\"5\" animate=\"fadeInLeft\" slider_nav_style=\"simple\" slider_nav_color=\"light\" auto_slide=\"4000\" image_height=\"70%\" image_size=\"medium\" srcset=\"https:\/\/th-feriendomizile.de\/wp-content\/uploads\/2022\/11\/Blick-von-Schulenberg-auf-den-Okersee-600x400.jpg 600w, https:\/\/th-feriendomizile.de\/wp-content\/uploads\/2022\/11\/Blick-von-Schulenberg-auf-den-Okersee-1200x800.jpg 1200w, https:\/\/th-feriendomizile.de\/wp-content\/uploads\/2022\/11\/Blick-von-Schulenberg-auf-den-Okersee-768x512.jpg 768w, https:\/\/th-feriendomizile.de\/wp-content\/uploads\/2022\/11\/Blick-von-Schulenberg-auf-den-Okersee-1536x1024.jpg 1536w, https:\/\/th-feriendomizile.de\/wp-content\/uploads\/2022\/11\/Blick-von-Schulenberg-auf-den-Okersee-2048x1365.jpg 2048w\" sizes=\"auto, (max-width: 600px) 100vw, 600px\" \/>                                  <div class=\"overlay fill\"\n                      style=\"background-color: rgba(0,0,0,.15)\">\n                  <\/div>\n                                                              <\/div>\n              <div class=\"box-text text-left\" >\n                 <p>Unser Service:<\/p>\n              <\/div>\n            <\/div>\n                      <\/div>\n         <\/div><div class=\"gallery-col col\" data-animate=\"fadeInLeft\">\n          <div class=\"col-inner\">\n                        <div class=\"box has-hover gallery-box box-overlay dark\">\n              <div class=\"box-image box-shadow-5 box-shadow-5-hover image-cover\" style=\"padding-top:70%;\">\n                <img loading=\"lazy\" decoding=\"async\" width=\"267\" height=\"400\" src=\"https:\/\/th-feriendomizile.de\/wp-content\/uploads\/2023\/05\/Kellerverschlag-fuer-Fahrraeder-abschliessbar-FeWo-Harzer-Wiesenberg-267x400.jpg\" class=\"attachment-medium size-medium\" alt=\"\" ids=\"1091,1105,1068,1073,607,1074,1080,1064,1085,1061,1069,1081,1079,597,1075,1065,1106,1066,598,599,1078,596,1084,1067,1115,2056,1095,1094,1110,1092,1093,837,831\" lightbox=\"false\" type=\"slider\" columns=\"3\" depth=\"5\" depth_hover=\"5\" animate=\"fadeInLeft\" slider_nav_style=\"simple\" slider_nav_color=\"light\" auto_slide=\"4000\" image_height=\"70%\" image_size=\"medium\" srcset=\"https:\/\/th-feriendomizile.de\/wp-content\/uploads\/2023\/05\/Kellerverschlag-fuer-Fahrraeder-abschliessbar-FeWo-Harzer-Wiesenberg-267x400.jpg 267w, https:\/\/th-feriendomizile.de\/wp-content\/uploads\/2023\/05\/Kellerverschlag-fuer-Fahrraeder-abschliessbar-FeWo-Harzer-Wiesenberg-533x800.jpg 533w, https:\/\/th-feriendomizile.de\/wp-content\/uploads\/2023\/05\/Kellerverschlag-fuer-Fahrraeder-abschliessbar-FeWo-Harzer-Wiesenberg-768x1152.jpg 768w, https:\/\/th-feriendomizile.de\/wp-content\/uploads\/2023\/05\/Kellerverschlag-fuer-Fahrraeder-abschliessbar-FeWo-Harzer-Wiesenberg-1024x1536.jpg 1024w, https:\/\/th-feriendomizile.de\/wp-content\/uploads\/2023\/05\/Kellerverschlag-fuer-Fahrraeder-abschliessbar-FeWo-Harzer-Wiesenberg-1365x2048.jpg 1365w, https:\/\/th-feriendomizile.de\/wp-content\/uploads\/2023\/05\/Kellerverschlag-fuer-Fahrraeder-abschliessbar-FeWo-Harzer-Wiesenberg-scaled.jpg 1707w\" sizes=\"auto, (max-width: 267px) 100vw, 267px\" \/>                                  <div class=\"overlay fill\"\n                      style=\"background-color: rgba(0,0,0,.15)\">\n                  <\/div>\n                                                              <\/div>\n              <div class=\"box-text text-left\" >\n                 <p>Eigener abschlie\u00dfbarer Keller f\u00fcr Fahrr\u00e4der...<\/p>\n              <\/div>\n            <\/div>\n                      <\/div>\n         <\/div><div class=\"gallery-col col\" data-animate=\"fadeInLeft\">\n          <div class=\"col-inner\">\n                        <div class=\"box has-hover gallery-box box-overlay dark\">\n              <div class=\"box-image box-shadow-5 box-shadow-5-hover image-cover\" style=\"padding-top:70%;\">\n                <img loading=\"lazy\" decoding=\"async\" width=\"267\" height=\"400\" src=\"https:\/\/th-feriendomizile.de\/wp-content\/uploads\/2023\/05\/Schlitten-im-Kellerverschlag-FeWo-Harzer-Wiesenberg-267x400.jpg\" class=\"attachment-medium size-medium\" alt=\"\" ids=\"1091,1105,1068,1073,607,1074,1080,1064,1085,1061,1069,1081,1079,597,1075,1065,1106,1066,598,599,1078,596,1084,1067,1115,2056,1095,1094,1110,1092,1093,837,831\" lightbox=\"false\" type=\"slider\" columns=\"3\" depth=\"5\" depth_hover=\"5\" animate=\"fadeInLeft\" slider_nav_style=\"simple\" slider_nav_color=\"light\" auto_slide=\"4000\" image_height=\"70%\" image_size=\"medium\" srcset=\"https:\/\/th-feriendomizile.de\/wp-content\/uploads\/2023\/05\/Schlitten-im-Kellerverschlag-FeWo-Harzer-Wiesenberg-267x400.jpg 267w, https:\/\/th-feriendomizile.de\/wp-content\/uploads\/2023\/05\/Schlitten-im-Kellerverschlag-FeWo-Harzer-Wiesenberg-533x800.jpg 533w, https:\/\/th-feriendomizile.de\/wp-content\/uploads\/2023\/05\/Schlitten-im-Kellerverschlag-FeWo-Harzer-Wiesenberg-768x1152.jpg 768w, https:\/\/th-feriendomizile.de\/wp-content\/uploads\/2023\/05\/Schlitten-im-Kellerverschlag-FeWo-Harzer-Wiesenberg-1024x1536.jpg 1024w, https:\/\/th-feriendomizile.de\/wp-content\/uploads\/2023\/05\/Schlitten-im-Kellerverschlag-FeWo-Harzer-Wiesenberg-1365x2048.jpg 1365w, https:\/\/th-feriendomizile.de\/wp-content\/uploads\/2023\/05\/Schlitten-im-Kellerverschlag-FeWo-Harzer-Wiesenberg-scaled.jpg 1706w\" sizes=\"auto, (max-width: 267px) 100vw, 267px\" \/>                                  <div class=\"overlay fill\"\n                      style=\"background-color: rgba(0,0,0,.15)\">\n                  <\/div>\n                                                              <\/div>\n              <div class=\"box-text text-left\" >\n                 <p>zu Ihrer Verf\u00fcgung: Schlitten, Treckingst\u00f6cke<\/p>\n              <\/div>\n            <\/div>\n                      <\/div>\n         <\/div><div class=\"gallery-col col\" data-animate=\"fadeInLeft\">\n          <div class=\"col-inner\">\n                        <div class=\"box has-hover gallery-box box-overlay dark\">\n              <div class=\"box-image box-shadow-5 box-shadow-5-hover image-cover\" style=\"padding-top:70%;\">\n                <img loading=\"lazy\" decoding=\"async\" width=\"267\" height=\"400\" src=\"https:\/\/th-feriendomizile.de\/wp-content\/uploads\/2023\/05\/wiesenberg-005-267x400.jpg\" class=\"attachment-medium size-medium\" alt=\"\" ids=\"1091,1105,1068,1073,607,1074,1080,1064,1085,1061,1069,1081,1079,597,1075,1065,1106,1066,598,599,1078,596,1084,1067,1115,2056,1095,1094,1110,1092,1093,837,831\" lightbox=\"false\" type=\"slider\" columns=\"3\" depth=\"5\" depth_hover=\"5\" animate=\"fadeInLeft\" slider_nav_style=\"simple\" slider_nav_color=\"light\" auto_slide=\"4000\" image_height=\"70%\" image_size=\"medium\" srcset=\"https:\/\/th-feriendomizile.de\/wp-content\/uploads\/2023\/05\/wiesenberg-005-267x400.jpg 267w, https:\/\/th-feriendomizile.de\/wp-content\/uploads\/2023\/05\/wiesenberg-005-533x800.jpg 533w, https:\/\/th-feriendomizile.de\/wp-content\/uploads\/2023\/05\/wiesenberg-005-768x1152.jpg 768w, https:\/\/th-feriendomizile.de\/wp-content\/uploads\/2023\/05\/wiesenberg-005-1024x1536.jpg 1024w, https:\/\/th-feriendomizile.de\/wp-content\/uploads\/2023\/05\/wiesenberg-005-1365x2048.jpg 1365w, https:\/\/th-feriendomizile.de\/wp-content\/uploads\/2023\/05\/wiesenberg-005-scaled.jpg 1707w\" sizes=\"auto, (max-width: 267px) 100vw, 267px\" \/>                                  <div class=\"overlay fill\"\n                      style=\"background-color: rgba(0,0,0,.15)\">\n                  <\/div>\n                                                              <\/div>\n              <div class=\"box-text text-left\" >\n                 <p>Wir bieten Fressn\u00e4pfe und Leckerli<\/p>\n              <\/div>\n            <\/div>\n                      <\/div>\n         <\/div><div class=\"gallery-col col\" data-animate=\"fadeInLeft\">\n          <div class=\"col-inner\">\n                        <div class=\"box has-hover gallery-box box-overlay dark\">\n              <div class=\"box-image box-shadow-5 box-shadow-5-hover image-cover\" style=\"padding-top:70%;\">\n                <img loading=\"lazy\" decoding=\"async\" width=\"280\" height=\"400\" src=\"https:\/\/th-feriendomizile.de\/wp-content\/uploads\/2025\/08\/Fewo-Harzer-Wiesenberg-Grundriss-280x400.jpg\" class=\"attachment-medium size-medium\" alt=\"\" ids=\"1091,1105,1068,1073,607,1074,1080,1064,1085,1061,1069,1081,1079,597,1075,1065,1106,1066,598,599,1078,596,1084,1067,1115,2056,1095,1094,1110,1092,1093,837,831\" lightbox=\"false\" type=\"slider\" columns=\"3\" depth=\"5\" depth_hover=\"5\" animate=\"fadeInLeft\" slider_nav_style=\"simple\" slider_nav_color=\"light\" auto_slide=\"4000\" image_height=\"70%\" image_size=\"medium\" srcset=\"https:\/\/th-feriendomizile.de\/wp-content\/uploads\/2025\/08\/Fewo-Harzer-Wiesenberg-Grundriss-280x400.jpg 280w, https:\/\/th-feriendomizile.de\/wp-content\/uploads\/2025\/08\/Fewo-Harzer-Wiesenberg-Grundriss-561x800.jpg 561w, https:\/\/th-feriendomizile.de\/wp-content\/uploads\/2025\/08\/Fewo-Harzer-Wiesenberg-Grundriss-768x1096.jpg 768w, https:\/\/th-feriendomizile.de\/wp-content\/uploads\/2025\/08\/Fewo-Harzer-Wiesenberg-Grundriss-1077x1536.jpg 1077w, https:\/\/th-feriendomizile.de\/wp-content\/uploads\/2025\/08\/Fewo-Harzer-Wiesenberg-Grundriss-1435x2048.jpg 1435w, https:\/\/th-feriendomizile.de\/wp-content\/uploads\/2025\/08\/Fewo-Harzer-Wiesenberg-Grundriss-scaled.jpg 1794w\" sizes=\"auto, (max-width: 280px) 100vw, 280px\" \/>                                  <div class=\"overlay fill\"\n                      style=\"background-color: rgba(0,0,0,.15)\">\n                  <\/div>\n                                                              <\/div>\n              <div class=\"box-text text-left\" >\n                 <p>Der Grundriss<\/p>\n              <\/div>\n            <\/div>\n                      <\/div>\n         <\/div><div class=\"gallery-col col\" data-animate=\"fadeInLeft\">\n          <div class=\"col-inner\">\n                        <div class=\"box has-hover gallery-box box-overlay dark\">\n              <div class=\"box-image box-shadow-5 box-shadow-5-hover image-cover\" style=\"padding-top:70%;\">\n                <img loading=\"lazy\" decoding=\"async\" width=\"400\" height=\"400\" src=\"https:\/\/th-feriendomizile.de\/wp-content\/uploads\/2023\/05\/IMG_20221003_1633061-400x400.jpg\" class=\"attachment-medium size-medium\" alt=\"\" ids=\"1091,1105,1068,1073,607,1074,1080,1064,1085,1061,1069,1081,1079,597,1075,1065,1106,1066,598,599,1078,596,1084,1067,1115,2056,1095,1094,1110,1092,1093,837,831\" lightbox=\"false\" type=\"slider\" columns=\"3\" depth=\"5\" depth_hover=\"5\" animate=\"fadeInLeft\" slider_nav_style=\"simple\" slider_nav_color=\"light\" auto_slide=\"4000\" image_height=\"70%\" image_size=\"medium\" srcset=\"https:\/\/th-feriendomizile.de\/wp-content\/uploads\/2023\/05\/IMG_20221003_1633061-400x400.jpg 400w, https:\/\/th-feriendomizile.de\/wp-content\/uploads\/2023\/05\/IMG_20221003_1633061-800x800.jpg 800w, https:\/\/th-feriendomizile.de\/wp-content\/uploads\/2023\/05\/IMG_20221003_1633061-280x280.jpg 280w, https:\/\/th-feriendomizile.de\/wp-content\/uploads\/2023\/05\/IMG_20221003_1633061-768x768.jpg 768w, https:\/\/th-feriendomizile.de\/wp-content\/uploads\/2023\/05\/IMG_20221003_1633061-1536x1536.jpg 1536w, https:\/\/th-feriendomizile.de\/wp-content\/uploads\/2023\/05\/IMG_20221003_1633061-2048x2048.jpg 2048w\" sizes=\"auto, (max-width: 400px) 100vw, 400px\" \/>                                  <div class=\"overlay fill\"\n                      style=\"background-color: rgba(0,0,0,.15)\">\n                  <\/div>\n                                                              <\/div>\n              <div class=\"box-text text-left\" >\n                 <p>Der Skulpturenpfad auf dem <\/p>\n              <\/div>\n            <\/div>\n                      <\/div>\n         <\/div><div class=\"gallery-col col\" data-animate=\"fadeInLeft\">\n          <div class=\"col-inner\">\n                        <div class=\"box has-hover gallery-box box-overlay dark\">\n              <div class=\"box-image box-shadow-5 box-shadow-5-hover image-cover\" style=\"padding-top:70%;\">\n                <img loading=\"lazy\" decoding=\"async\" width=\"400\" height=\"400\" src=\"https:\/\/th-feriendomizile.de\/wp-content\/uploads\/2023\/05\/IMG_20221003_1628031-400x400.jpg\" class=\"attachment-medium size-medium\" alt=\"\" ids=\"1091,1105,1068,1073,607,1074,1080,1064,1085,1061,1069,1081,1079,597,1075,1065,1106,1066,598,599,1078,596,1084,1067,1115,2056,1095,1094,1110,1092,1093,837,831\" lightbox=\"false\" type=\"slider\" columns=\"3\" depth=\"5\" depth_hover=\"5\" animate=\"fadeInLeft\" slider_nav_style=\"simple\" slider_nav_color=\"light\" auto_slide=\"4000\" image_height=\"70%\" image_size=\"medium\" srcset=\"https:\/\/th-feriendomizile.de\/wp-content\/uploads\/2023\/05\/IMG_20221003_1628031-400x400.jpg 400w, https:\/\/th-feriendomizile.de\/wp-content\/uploads\/2023\/05\/IMG_20221003_1628031-800x800.jpg 800w, https:\/\/th-feriendomizile.de\/wp-content\/uploads\/2023\/05\/IMG_20221003_1628031-280x280.jpg 280w, https:\/\/th-feriendomizile.de\/wp-content\/uploads\/2023\/05\/IMG_20221003_1628031-768x768.jpg 768w, https:\/\/th-feriendomizile.de\/wp-content\/uploads\/2023\/05\/IMG_20221003_1628031-1536x1536.jpg 1536w, https:\/\/th-feriendomizile.de\/wp-content\/uploads\/2023\/05\/IMG_20221003_1628031-2048x2048.jpg 2048w\" sizes=\"auto, (max-width: 400px) 100vw, 400px\" \/>                                  <div class=\"overlay fill\"\n                      style=\"background-color: rgba(0,0,0,.15)\">\n                  <\/div>\n                                                              <\/div>\n              <div class=\"box-text text-left\" >\n                 <p>Wiesenberg mit Blick auf den<\/p>\n              <\/div>\n            <\/div>\n                      <\/div>\n         <\/div><div class=\"gallery-col col\" data-animate=\"fadeInLeft\">\n          <div class=\"col-inner\">\n                        <div class=\"box has-hover gallery-box box-overlay dark\">\n              <div class=\"box-image box-shadow-5 box-shadow-5-hover image-cover\" style=\"padding-top:70%;\">\n                <img loading=\"lazy\" decoding=\"async\" width=\"711\" height=\"400\" src=\"https:\/\/th-feriendomizile.de\/wp-content\/uploads\/2023\/05\/Brockenblick-Skulpturenpfad-711x400.jpg\" class=\"attachment-medium size-medium\" alt=\"\" ids=\"1091,1105,1068,1073,607,1074,1080,1064,1085,1061,1069,1081,1079,597,1075,1065,1106,1066,598,599,1078,596,1084,1067,1115,2056,1095,1094,1110,1092,1093,837,831\" lightbox=\"false\" type=\"slider\" columns=\"3\" depth=\"5\" depth_hover=\"5\" animate=\"fadeInLeft\" slider_nav_style=\"simple\" slider_nav_color=\"light\" auto_slide=\"4000\" image_height=\"70%\" image_size=\"medium\" srcset=\"https:\/\/th-feriendomizile.de\/wp-content\/uploads\/2023\/05\/Brockenblick-Skulpturenpfad-711x400.jpg 711w, https:\/\/th-feriendomizile.de\/wp-content\/uploads\/2023\/05\/Brockenblick-Skulpturenpfad-1400x788.jpg 1400w, https:\/\/th-feriendomizile.de\/wp-content\/uploads\/2023\/05\/Brockenblick-Skulpturenpfad-768x432.jpg 768w, https:\/\/th-feriendomizile.de\/wp-content\/uploads\/2023\/05\/Brockenblick-Skulpturenpfad-1536x864.jpg 1536w, https:\/\/th-feriendomizile.de\/wp-content\/uploads\/2023\/05\/Brockenblick-Skulpturenpfad-20x11.jpg 20w, https:\/\/th-feriendomizile.de\/wp-content\/uploads\/2023\/05\/Brockenblick-Skulpturenpfad.jpg 1930w\" sizes=\"auto, (max-width: 711px) 100vw, 711px\" \/>                                  <div class=\"overlay fill\"\n                      style=\"background-color: rgba(0,0,0,.15)\">\n                  <\/div>\n                                                              <\/div>\n              <div class=\"box-text text-left\" >\n                 <p>Brocken <\/p>\n              <\/div>\n            <\/div>\n                      <\/div>\n         <\/div><div class=\"gallery-col col\" data-animate=\"fadeInLeft\">\n          <div class=\"col-inner\">\n                        <div class=\"box has-hover gallery-box box-overlay dark\">\n              <div class=\"box-image box-shadow-5 box-shadow-5-hover image-cover\" style=\"padding-top:70%;\">\n                <img loading=\"lazy\" decoding=\"async\" width=\"711\" height=\"400\" src=\"https:\/\/th-feriendomizile.de\/wp-content\/uploads\/2023\/05\/IMG_20220226_1123551-711x400.jpg\" class=\"attachment-medium size-medium\" alt=\"\" ids=\"1091,1105,1068,1073,607,1074,1080,1064,1085,1061,1069,1081,1079,597,1075,1065,1106,1066,598,599,1078,596,1084,1067,1115,2056,1095,1094,1110,1092,1093,837,831\" lightbox=\"false\" type=\"slider\" columns=\"3\" depth=\"5\" depth_hover=\"5\" animate=\"fadeInLeft\" slider_nav_style=\"simple\" slider_nav_color=\"light\" auto_slide=\"4000\" image_height=\"70%\" image_size=\"medium\" srcset=\"https:\/\/th-feriendomizile.de\/wp-content\/uploads\/2023\/05\/IMG_20220226_1123551-711x400.jpg 711w, https:\/\/th-feriendomizile.de\/wp-content\/uploads\/2023\/05\/IMG_20220226_1123551-1400x788.jpg 1400w, https:\/\/th-feriendomizile.de\/wp-content\/uploads\/2023\/05\/IMG_20220226_1123551-768x432.jpg 768w, https:\/\/th-feriendomizile.de\/wp-content\/uploads\/2023\/05\/IMG_20220226_1123551-1536x864.jpg 1536w, https:\/\/th-feriendomizile.de\/wp-content\/uploads\/2023\/05\/IMG_20220226_1123551-2048x1152.jpg 2048w\" sizes=\"auto, (max-width: 711px) 100vw, 711px\" \/>                                  <div class=\"overlay fill\"\n                      style=\"background-color: rgba(0,0,0,.15)\">\n                  <\/div>\n                                                              <\/div>\n              <div class=\"box-text text-left\" >\n                 <p>Schulenberg oberhalb des Okersees<\/p>\n              <\/div>\n            <\/div>\n                      <\/div>\n         <\/div><div class=\"gallery-col col\" data-animate=\"fadeInLeft\">\n          <div class=\"col-inner\">\n                        <div class=\"box has-hover gallery-box box-overlay dark\">\n              <div class=\"box-image box-shadow-5 box-shadow-5-hover image-cover\" style=\"padding-top:70%;\">\n                <img loading=\"lazy\" decoding=\"async\" width=\"400\" height=\"400\" src=\"https:\/\/th-feriendomizile.de\/wp-content\/uploads\/2023\/05\/IMG_20221003_1552551-400x400.jpg\" class=\"attachment-medium size-medium\" alt=\"\" ids=\"1091,1105,1068,1073,607,1074,1080,1064,1085,1061,1069,1081,1079,597,1075,1065,1106,1066,598,599,1078,596,1084,1067,1115,2056,1095,1094,1110,1092,1093,837,831\" lightbox=\"false\" type=\"slider\" columns=\"3\" depth=\"5\" depth_hover=\"5\" animate=\"fadeInLeft\" slider_nav_style=\"simple\" slider_nav_color=\"light\" auto_slide=\"4000\" image_height=\"70%\" image_size=\"medium\" srcset=\"https:\/\/th-feriendomizile.de\/wp-content\/uploads\/2023\/05\/IMG_20221003_1552551-400x400.jpg 400w, https:\/\/th-feriendomizile.de\/wp-content\/uploads\/2023\/05\/IMG_20221003_1552551-800x800.jpg 800w, https:\/\/th-feriendomizile.de\/wp-content\/uploads\/2023\/05\/IMG_20221003_1552551-280x280.jpg 280w, https:\/\/th-feriendomizile.de\/wp-content\/uploads\/2023\/05\/IMG_20221003_1552551-768x768.jpg 768w, https:\/\/th-feriendomizile.de\/wp-content\/uploads\/2023\/05\/IMG_20221003_1552551-1536x1536.jpg 1536w, https:\/\/th-feriendomizile.de\/wp-content\/uploads\/2023\/05\/IMG_20221003_1552551-2048x2048.jpg 2048w\" sizes=\"auto, (max-width: 400px) 100vw, 400px\" \/>                                  <div class=\"overlay fill\"\n                      style=\"background-color: rgba(0,0,0,.15)\">\n                  <\/div>\n                                                              <\/div>\n              <div class=\"box-text text-left\" >\n                 <p>im Herbst<\/p>\n              <\/div>\n            <\/div>\n                      <\/div>\n         <\/div><div class=\"gallery-col col\" data-animate=\"fadeInLeft\">\n          <div class=\"col-inner\">\n                        <div class=\"box has-hover gallery-box box-overlay dark\">\n              <div class=\"box-image box-shadow-5 box-shadow-5-hover image-cover\" style=\"padding-top:70%;\">\n                <img loading=\"lazy\" decoding=\"async\" width=\"711\" height=\"400\" src=\"https:\/\/th-feriendomizile.de\/wp-content\/uploads\/2022\/12\/IMG_20210106_214333-1-711x400.jpg\" class=\"attachment-medium size-medium\" alt=\"\" ids=\"1091,1105,1068,1073,607,1074,1080,1064,1085,1061,1069,1081,1079,597,1075,1065,1106,1066,598,599,1078,596,1084,1067,1115,2056,1095,1094,1110,1092,1093,837,831\" lightbox=\"false\" type=\"slider\" columns=\"3\" depth=\"5\" depth_hover=\"5\" animate=\"fadeInLeft\" slider_nav_style=\"simple\" slider_nav_color=\"light\" auto_slide=\"4000\" image_height=\"70%\" image_size=\"medium\" srcset=\"https:\/\/th-feriendomizile.de\/wp-content\/uploads\/2022\/12\/IMG_20210106_214333-1-711x400.jpg 711w, https:\/\/th-feriendomizile.de\/wp-content\/uploads\/2022\/12\/IMG_20210106_214333-1-1400x788.jpg 1400w, https:\/\/th-feriendomizile.de\/wp-content\/uploads\/2022\/12\/IMG_20210106_214333-1-768x432.jpg 768w, https:\/\/th-feriendomizile.de\/wp-content\/uploads\/2022\/12\/IMG_20210106_214333-1-1536x864.jpg 1536w, https:\/\/th-feriendomizile.de\/wp-content\/uploads\/2022\/12\/IMG_20210106_214333-1-2048x1152.jpg 2048w\" sizes=\"auto, (max-width: 711px) 100vw, 711px\" \/>                                  <div class=\"overlay fill\"\n                      style=\"background-color: rgba(0,0,0,.15)\">\n                  <\/div>\n                                                              <\/div>\n              <div class=\"box-text text-left\" >\n                 <p>und Winter<\/p>\n              <\/div>\n            <\/div>\n                      <\/div>\n         <\/div><div class=\"gallery-col col\" data-animate=\"fadeInLeft\">\n          <div class=\"col-inner\">\n                        <div class=\"box has-hover gallery-box box-overlay dark\">\n              <div class=\"box-image box-shadow-5 box-shadow-5-hover image-cover\" style=\"padding-top:70%;\">\n                <img loading=\"lazy\" decoding=\"async\" width=\"711\" height=\"400\" src=\"https:\/\/th-feriendomizile.de\/wp-content\/uploads\/2022\/12\/IMG_20210106_215949-711x400.jpg\" class=\"attachment-medium size-medium\" alt=\"Neuschnee in Schulenberg\" ids=\"1091,1105,1068,1073,607,1074,1080,1064,1085,1061,1069,1081,1079,597,1075,1065,1106,1066,598,599,1078,596,1084,1067,1115,2056,1095,1094,1110,1092,1093,837,831\" lightbox=\"false\" type=\"slider\" columns=\"3\" depth=\"5\" depth_hover=\"5\" animate=\"fadeInLeft\" slider_nav_style=\"simple\" slider_nav_color=\"light\" auto_slide=\"4000\" image_height=\"70%\" image_size=\"medium\" srcset=\"https:\/\/th-feriendomizile.de\/wp-content\/uploads\/2022\/12\/IMG_20210106_215949-711x400.jpg 711w, https:\/\/th-feriendomizile.de\/wp-content\/uploads\/2022\/12\/IMG_20210106_215949-1400x788.jpg 1400w, https:\/\/th-feriendomizile.de\/wp-content\/uploads\/2022\/12\/IMG_20210106_215949-768x432.jpg 768w, https:\/\/th-feriendomizile.de\/wp-content\/uploads\/2022\/12\/IMG_20210106_215949-1536x864.jpg 1536w, https:\/\/th-feriendomizile.de\/wp-content\/uploads\/2022\/12\/IMG_20210106_215949-2048x1152.jpg 2048w\" sizes=\"auto, (max-width: 711px) 100vw, 711px\" \/>                                  <div class=\"overlay fill\"\n                      style=\"background-color: rgba(0,0,0,.15)\">\n                  <\/div>\n                                                              <\/div>\n              <div class=\"box-text text-left\" >\n                 <p>verschneit und idyllisch-sch\u00f6n<\/p>\n              <\/div>\n            <\/div>\n                      <\/div>\n         <\/div><\/div>\n\n<div class=\"is-divider divider clearfix\" style=\"margin-top:70px;margin-bottom:70px;max-width:20px;height:0px;\"><\/div>\n\n<div class=\"row row-full-width align-center\"  id=\"row-124670967\">\n\n\n\t<div id=\"col-501858534\" class=\"col medium-8 small-12 large-8\"  data-animate=\"fadeInLeft\">\n\t\t\t\t<div class=\"col-inner text-center\"  >\n\t\t\t\n\t\t\t\n\n<h3 class=\"thin-font uppercase\"><span style=\"font-size: 75%;\">\u00dcber das Apartment<\/span><\/h3>\n<h2 class=\"uppercase\">AKTIV AM OKERSEE<\/h2>\n<div class=\"is-divider divider clearfix\" style=\"max-width:90px;height:1px;background-color:rgb(211, 211, 211);\"><\/div>\n\n<p>In unserem \u201eHarzer Wiesenberg\u201c erwartet sie eine moderne, in 2021 sanierte Wohnung, mit einem sehr gro\u00dfz\u00fcgigen Balkon, von dem man die Berge und zuweilen den Okerstausee erblicken kann.<br \/>Sie k\u00f6nnen im eigenen, abschlie\u00dfbaren Keller Ihre Fahrr\u00e4der sichern und zwei Rodel-Schlitten und Treckingst\u00f6cke stellen wir Ihnen gerne zur Verf\u00fcgung.<\/p>\n<p>Der idyllische Bergort Schulenberg liegt auf einer H\u00f6he von 550 m \u00fcNN und ist ein Geheimtipp f\u00fcr alle, die gerne entspannen und doch viele Aktivit\u00e4tsangebote in unmittelbarere N\u00e4he vorfinden m\u00f6chten. Nicht weit entfernt ist das \u201eSki-Alpinum\u201c, ein Skigebiet mit Liftanlage. Der nahe gelegene Racepark Schulenberg bietet abwechslungsreiche Downhillstrecken f\u00fcr Mountainbiker. Der Okerstausee erm\u00f6glicht Ihnen viele Wassersportm\u00f6glichkeiten, u. a. Wildwasserkanu, Segeln, Paddeln, Tauchen, Schwimmen. Das Okertal zum Bouldern und Klettern im Granitfelsen und zahlreiche herrlichen Wanderrouten garantiert Ihnen einen vielseitigen Aktivurlaub. Zu empfehlen ist der Schulenberger \u201eSkulpturenpfad\u201c mit Blick auf den \u201eBrocken\u201c und Bergwiesen.<\/p>\n\n\t\t<\/div>\n\t\t\t\t\t<\/div>\n\n\t\n\n<\/div>\n<div class=\"row row-full-width align-center\"  id=\"row-528827563\">\n\n\n\t<div id=\"col-333974451\" class=\"col medium-3 small-12 large-3\"  data-animate=\"fadeInLeft\">\n\t\t\t\t<div class=\"col-inner text-center\"  >\n\t\t\t\n\t\t\t\n\n<div class=\"pricing-table-wrapper\">\n  <div class=\"pricing-table ux_price_table text-center box-shadow-3-hover\"style=\"background-color:rgba(210, 210, 210, 0.488);\">\n    <div class=\"pricing-table-header\">\n      <div class=\"title uppercase strong\">P R E I S<\/div>\n      <div class=\"price is-xxlarge\">ab 55\u20ac<\/div>\n              <div class=\"description is-small\">\n          pro Nacht        <\/div>\n          <\/div>\n    <div class=\"pricing-table-items items\">\n      \n\n<p style=\"text-align: center;\"><span style=\"color: #999999; font-size: 100%;\">\u2713 2 Zimmer Ferienwohnung<\/span><\/p>\n\t<div id=\"text-1951041363\" class=\"text\">\n\t\t\n\n<p style=\"text-align: center;\"><span style=\"color: #999999; font-size: 100\n%;\">\u2713 Bergblick<br \/>\n<\/span><\/p>\n\t\t\n<style>\n#text-1951041363 {\n  line-height: 0.75;\n  text-align: center;\n}\n<\/style>\n\t<\/div>\n\t\n\t<div id=\"text-3922781532\" class=\"text\">\n\t\t\n\n<p style=\"text-align: center;\"><span style=\"color: #999999; font-size: 100\n%;\">\u2713 Haustiere erlaubt<\/span><\/p>\n\t\t\n<style>\n#text-3922781532 {\n  line-height: 0.75;\n  text-align: center;\n}\n<\/style>\n\t<\/div>\n\t\n\t<div id=\"text-351588758\" class=\"text\">\n\t\t\n\n<p style=\"text-align: center;\"><span style=\"color: #999999; font-size: 100\n%;\">\u2713 WLAN inklusive<\/span><\/p>\n\t\t\n<style>\n#text-351588758 {\n  line-height: 0.75;\n  text-align: center;\n}\n<\/style>\n\t<\/div>\n\t\n\t<div id=\"text-2018462510\" class=\"text\">\n\t\t\n\n<p style=\"text-align: center;\"><span style=\"color: #999999; font-size: 100\n%;\">\u2713 Parkplatz inbegriffen<\/span><\/p>\n\t\t\n<style>\n#text-2018462510 {\n  line-height: 0.75;\n  text-align: center;\n}\n<\/style>\n\t<\/div>\n\t\n\n    <\/div>\n      <\/div>\n<\/div>\n\n\n\n\t\t<\/div>\n\t\t\t\t\t<\/div>\n\n\t\n\n\t<div id=\"col-717559406\" class=\"col medium-5 small-12 large-5\"  data-animate=\"fadeInUp\">\n\t\t\t\t<div class=\"col-inner text-left\"  >\n\t\t\t\n\t\t\t\n\n<div class=\"accordion\">\n\n\t<div id=\"accordion-1451509975\" class=\"accordion-item\">\n\t\t<a id=\"accordion-1451509975-label\" class=\"accordion-title plain active\" href=\"#accordion-item-beschreibung\" aria-expanded=\"true\" aria-controls=\"accordion-1451509975-content\">\n\t\t\t<button class=\"toggle\" aria-label=\"Umschalten\"><i class=\"icon-angle-down\" aria-hidden=\"true\"><\/i><\/button>\n\t\t\t<span>Beschreibung<\/span>\n\t\t<\/a>\n\t\t<div id=\"accordion-1451509975-content\" class=\"accordion-inner\" style=\"display: block;\" aria-labelledby=\"accordion-1451509975-label\">\n\t\t\t\n\n<div class=\"row\"  id=\"row-617363064\">\n\n\n\t<div id=\"col-435530480\" class=\"col medium-6 small-12 large-6\"  >\n\t\t\t\t<div class=\"col-inner\"  >\n\t\t\t\n\t\t\t\n\n<div class=\"db29ecfbe2 ca93961ea0\">\n<div class=\"ec680921b4 effc2ba4df ca9e0b0f4a fa32eb5d9a\" role=\"button\" data-testid=\"whole-apartment-block\">\n<div class=\"db29ecfbe2 c21a2f2d97 fe87d598e8\">\n<p><span style=\"font-size: 80%;\">\u2713 2 Zimmer Ferienwohnung<br \/><\/span><span style=\"font-size: 80%;\">\u2713 Gr\u00f6\u00dfe 53 m\u00b2<br \/><\/span><span style=\"font-size: 80%;\">\u2713 K\u00fcche<br \/><\/span><span style=\"font-size: 80%;\">\u2713 Bergblick<br \/><\/span><span style=\"font-size: 80%;\">\u2713 Haustiere erlaubt<\/span><\/p>\n<\/div>\n<\/div>\n<\/div>\n\n\t\t<\/div>\n\t\t\t\t\t<\/div>\n\n\t\n\n\t<div id=\"col-1337675002\" class=\"col medium-6 small-12 large-6\"  >\n\t\t\t\t<div class=\"col-inner\"  >\n\t\t\t\n\t\t\t\n\n<div class=\"db29ecfbe2 ca93961ea0\">\n<div class=\"ec680921b4 effc2ba4df ca9e0b0f4a fa32eb5d9a\" role=\"button\" data-testid=\"whole-apartment-block\">\n<div class=\"db29ecfbe2 c21a2f2d97 fe87d598e8\">\n<div class=\"ec680921b4 effc2ba4df ca9e0b0f4a fa32eb5d9a\" role=\"button\" data-testid=\"ROOM_34\">\n<div class=\"c89be40da5\">\n<div class=\"e35246b6fb\">\n<p><span style=\"font-size: 80%;\">\u2713 Waschmaschine inkl.&nbsp; &nbsp; &nbsp; &nbsp;Trockner<\/span><br \/><span style=\"font-size: 80%;\">\u2713 WLAN inklusive<\/span><br \/><span style=\"font-size: 80%;\">\u2713 Balkon<\/span><br \/><span style=\"font-size: 80%;\">\u2713 Parkplatz inbegriffen<\/span><\/p>\n<\/div>\n<\/div>\n<\/div>\n<\/div>\n<\/div>\n<\/div>\n\n\t\t<\/div>\n\t\t\t\t\t<\/div>\n\n\t\n\n<\/div>\n\n\t\t<\/div>\n\t<\/div>\n\t\n\t<div id=\"accordion-3012205758\" class=\"accordion-item\">\n\t\t<a id=\"accordion-3012205758-label\" class=\"accordion-title plain\" href=\"#accordion-item-ausstattung\" aria-expanded=\"false\" aria-controls=\"accordion-3012205758-content\">\n\t\t\t<button class=\"toggle\" aria-label=\"Umschalten\"><i class=\"icon-angle-down\" aria-hidden=\"true\"><\/i><\/button>\n\t\t\t<span>Ausstattung<\/span>\n\t\t<\/a>\n\t\t<div id=\"accordion-3012205758-content\" class=\"accordion-inner\" aria-labelledby=\"accordion-3012205758-label\">\n\t\t\t\n\n<div class=\"row\"  id=\"row-1477774873\">\n\n\n\t<div id=\"col-103259915\" class=\"col medium-6 small-12 large-6\"  >\n\t\t\t\t<div class=\"col-inner\"  >\n\t\t\t\n\t\t\t\n\n<div class=\"_11jhslp\">\n<div id=\"pdp_v3_scenic_view_24_38080760-0\" class=\"rcem0st dir dir-ltr\" aria-disabled=\"false\">\n<div class=\"_jro6t0\">\n<div class=\"_gfomxi\">\n<div id=\"pdp_v3_scenic_view_24_38080760-0\" class=\"rcem0st dir dir-ltr\" aria-disabled=\"false\">\n<div class=\"_jro6t0\">\n<div class=\"_gfomxi\">\n<div class=\"bui-spacer--large\">\n<div class=\"hotel-facilities-group\" data-section-id=\"5\">\n<div class=\"bui-title bui-title--strong_1 bui-spacer--medium hotel-facilities-group__title\">\n<div class=\"bui-title__text hotel-facilities-group__title-text\">\n<p><span style=\"font-size: 80%;\"><strong>Badezimmer&#8216;<br \/><\/strong><\/span><span style=\"font-size: 80%;\">\u2713 Toilettenpapier<br \/><\/span><span style=\"font-size: 80%;\">\u2713 Handt\u00fccher<\/span><span style=\"font-size: 80%;\"><br \/><\/span><span style=\"font-size: 80%;\">\u2713 Handt\u00fccher (Aufpreis)<br \/>\u2713 Kosmetikspiegel<br \/><\/span><span style=\"font-size: 80%;\">\u2713 WC<br \/><\/span><span style=\"font-size: 80%;\">\u2713 Haartrockner<br \/><\/span><span style=\"font-size: 80%;\">\u2713 Dusche<\/span><\/p>\n<p><span style=\"font-size: 80%;\"><strong>Schlafzimmer<br \/><\/strong><\/span><span style=\"font-size: 80%;\">\u2713 Bettw\u00e4sche (Aufpreis)<br \/><\/span><span style=\"font-size: 80%;\">\u2713 Schrank<br \/><\/span><span style=\"font-size: 80%;\">\u2713 Smart TV<\/span><\/p>\n<p><span style=\"font-size: 80%;\"><strong>Au\u00dfenbereich<br \/><\/strong><\/span><span style=\"font-size: 80%;\">\u2713 Essbereich im Freien<\/span><br \/><span style=\"font-size: 80%;\">\u2713 Gartenm\u00f6bel<\/span><br \/><span style=\"font-size: 80%;\">\u2713 Balkon<\/span><\/p>\n<p><span style=\"font-size: 80%;\"><strong>K\u00fcche<br \/><\/strong><\/span><span style=\"font-size: 80%;\">\u2713 Esstisch<br \/><\/span><span style=\"font-size: 80%;\">\u2713 Kaffeemaschine<br \/><\/span><span style=\"font-size: 80%;\">\u2713 Reinigungsmittel<br \/><\/span><span style=\"font-size: 80%;\">\u2713 Toaster<br \/><\/span><span style=\"font-size: 80%;\">\u2713 Ceranfeld<br \/><\/span><span style=\"font-size: 80%;\">\u2713 Backofen<br \/><\/span><span style=\"font-size: 80%;\">\u2713 K\u00fcchenutensilien<br \/><\/span><span style=\"font-size: 80%;\">\u2713 Wasserkocher<br \/><\/span><span style=\"font-size: 80%;\">\u2713 Sp\u00fclmaschine<br \/><\/span><span style=\"font-size: 80%;\">\u2713 Mikrowelle<br \/><\/span><span style=\"font-size: 80%;\">\u2713 K\u00fchlschrank mit separaten Gefriefach<\/span><\/p>\n<p><span style=\"font-size: 80%;\"><strong>Zimmerausstattung<br \/><\/strong><\/span><span style=\"font-size: 80%;\">\u2713 Steckdose in Bettn\u00e4he<br \/><\/span><span style=\"font-size: 80%;\">\u2713 Sofa<br \/><\/span><span style=\"font-size: 80%;\">\u2713 Kleiderst\u00e4nder<br \/><\/span><span style=\"font-size: 80%;\">\u2713 Zimmer mit Verbindungst\u00fcr verf\u00fcgbar<br \/><\/span><span style=\"font-size: 80%;\">\u2713 Laminat Fu\u00dfboden<br \/><\/span><span style=\"font-size: 80%;\">\u2713 B\u00fcgeleinrichtungen<br \/><\/span><span style=\"font-size: 80%;\">\u2713 B\u00fcgeleisen<\/span><\/p>\n<p><span style=\"font-size: 80%;\"><strong>Wohnbereich<br \/><\/strong><\/span><span style=\"font-size: 80%;\">\u2713 Essbereich<\/span><br \/><span style=\"font-size: 80%;\">\u2713 Sofa<\/span><br \/><span style=\"font-size: 80%;\">\u2713 Sitzbereich<\/span><\/p>\n<p><span style=\"font-size: 80%;\"><strong>Medien &amp; Technik<br \/><\/strong><\/span><span style=\"font-size: 80%;\">\u2713 Streaming-Dienste (z.B. Netflix\/Voraussetzung: Eigener Account)&nbsp;<br \/><\/span><span style=\"font-size: 80%;\">\u2713 Flachbild-TV inkl. Soundbar<br \/><\/span><span style=\"font-size: 80%;\">\u2713 Satellitenempfang<br \/><\/span><span style=\"font-size: 80%;\">\u2713 CD-Player<br \/><\/span><span style=\"font-size: 80%;\">\u2713 TV<br \/><\/span><span style=\"font-size: 80%;\">\u2713 High Speed W-Lan<\/span><\/p>\n<\/div>\n<\/div>\n<\/div>\n<\/div>\n<\/div>\n<\/div>\n<\/div>\n<\/div>\n<\/div>\n<\/div>\n<\/div>\n\n\t\t<\/div>\n\t\t\t\t\t<\/div>\n\n\t\n\n\t<div id=\"col-1767352406\" class=\"col medium-6 small-12 large-6\"  >\n\t\t\t\t<div class=\"col-inner\"  >\n\t\t\t\n\t\t\t\n\n<div class=\"_11jhslp\">\n<div id=\"pdp_v3_scenic_view_24_38080760-0\" class=\"rcem0st dir dir-ltr\" aria-disabled=\"false\">\n<div class=\"_jro6t0\">\n<div class=\"_gfomxi\">\n<div id=\"pdp_v3_scenic_view_24_38080760-0\" class=\"rcem0st dir dir-ltr\" aria-disabled=\"false\">\n<div class=\"_jro6t0\">\n<div class=\"_gfomxi\">\n<div class=\"bui-spacer--large\">\n<div class=\"hotel-facilities-group\" data-section-id=\"5\">\n<div class=\"bui-title bui-title--strong_1 bui-spacer--medium hotel-facilities-group__title\">\n<div class=\"bui-title__text hotel-facilities-group__title-text\">\n<div class=\"bui-spacer--large\">\n<div class=\"hotel-facilities-group\" data-section-id=\"9\">\n<div class=\"bui-title bui-title--strong_1 bui-spacer--medium hotel-facilities-group__title\">\n<div class=\"bui-title__text hotel-facilities-group__title-text\">\n<p><span style=\"font-size: 80%;\"><strong>Outdoor &amp; Ausblick<br \/><\/strong>\u2713 Bergblick<\/span><br \/><span style=\"font-size: 80%;\">\u2713 Gartenblick<\/span><br \/><span style=\"font-size: 80%;\">\u2713 Aussicht<\/span><\/p>\n<p><span style=\"font-size: 80%;\"><strong>Haustiere<br \/><\/strong>\u2713 Haustiere sind gestattet.<\/span><\/p>\n<p><span style=\"font-size: 80%;\"><strong>Aktivit\u00e4ten<br \/><\/strong>\u2713 Wandern<\/span><br \/><span style=\"font-size: 80%;\">\u2713 Down Hill Biking<\/span><br \/><span style=\"font-size: 80%;\">\u2713 Abfahrt Ski-Alpinum<\/span><br \/><span style=\"font-size: 80%;\">\u2713 Langlauf Ski<\/span><br \/><span style=\"font-size: 80%;\">\u2713 Stand Up Paddling<\/span><br \/><span style=\"font-size: 80%;\">\u2713 Tauchen<\/span><br \/><span style=\"font-size: 80%;\">\u2713 Schwimmen<\/span><br \/><span style=\"font-size: 80%;\">\u2713 Schifffahrt auf dem Okersee<br \/>\u2713 Klettern\/Bouldern<br \/>\u2713 Segeln<\/span><br \/><span style=\"font-size: 80%;\"><strong><br \/>Internet<br \/><\/strong>\u2713 High Speed WLAN ist in allen Bereichen nutzbar und ist kostenfrei.<\/span><\/p>\n<p><span style=\"font-size: 80%;\"><strong>Parkm\u00f6glichkeiten<br \/><\/strong>\u2713 private Parkpl\u00e4tze stehen kostenfrei an der Unterkunft (Reservierung ist nicht erforderlich) zur Verf\u00fcgung.<\/span><br \/><span style=\"font-size: 80%;\">\u2713 Parkplatz<\/span><\/p>\n<p><span style=\"font-size: 80%;\"><strong>Sicherheit<br \/><\/strong>\u2713 Rauchmelder<\/span><\/p>\n<p><span style=\"font-size: 80%;\"><strong>Zugang<br \/><\/strong>\u2713 Gesamte Wohneinheit im 1. Stock<\/span><br \/><span style=\"font-size: 80%;\">\u2713 Privater Check-in\/-out<\/span><\/p>\n<p><span style=\"font-size: 80%;\"><strong>Geb\u00e4ude<br \/><\/strong>\u2713 Eigene Wohnung im Geb\u00e4ude<\/span><\/p>\n<\/div>\n<\/div>\n<\/div>\n<\/div>\n<\/div>\n<\/div>\n<\/div>\n<\/div>\n<\/div>\n<\/div>\n<\/div>\n<\/div>\n<\/div>\n<\/div>\n<\/div>\n\n\t\t<\/div>\n\t\t\t\t\t<\/div>\n\n\t\n\n<\/div>\n\n\t\t<\/div>\n\t<\/div>\n\t\n\t<div id=\"accordion-2323760029\" class=\"accordion-item\">\n\t\t<a id=\"accordion-2323760029-label\" class=\"accordion-title plain\" href=\"#accordion-item-hausregeln\" aria-expanded=\"false\" aria-controls=\"accordion-2323760029-content\">\n\t\t\t<button class=\"toggle\" aria-label=\"Umschalten\"><i class=\"icon-angle-down\" aria-hidden=\"true\"><\/i><\/button>\n\t\t\t<span>Hausregeln<\/span>\n\t\t<\/a>\n\t\t<div id=\"accordion-2323760029-content\" class=\"accordion-inner\" aria-labelledby=\"accordion-2323760029-label\">\n\t\t\t\n\n<div class=\"_11jhslp\">\n<div id=\"pdp_v3_scenic_view_24_38080760-0\" class=\"rcem0st dir dir-ltr\" aria-disabled=\"false\">\n<div class=\"_jro6t0\">\n<div class=\"_gfomxi\">\n<div id=\"pdp_v3_scenic_view_24_38080760-0\" class=\"rcem0st dir dir-ltr\" aria-disabled=\"false\">\n<div class=\"_jro6t0\">\n<div class=\"_gfomxi\">\n<div class=\"_11jhslp\">\n<div id=\"pdp_v3_scenic_view_24_38080760-0\" class=\"rcem0st dir dir-ltr\" aria-disabled=\"false\">\n<div class=\"_jro6t0\">\n<div class=\"_gfomxi\">\n<div id=\"pdp_v3_scenic_view_24_38080760-0\" class=\"rcem0st dir dir-ltr\" aria-disabled=\"false\">\n<div class=\"_jro6t0\">\n<div class=\"_gfomxi\">\n<div class=\"d31796cb42\">\n<div class=\"c38a8359ed\">\n<div class=\"b3d1cacd40 cc56d568f0\">\n<div class=\"ac78a73c96 f0d4d6a2f5 fda3b74d0d\">\n<p><span style=\"font-size: 80%;\"><strong><span style=\"color: #555555;\">Anreise<br \/><\/span><\/strong><\/span><span style=\"font-size: 80%;\">Ab 15:00 Uhr<br \/><\/span><em style=\"font-size: 80%;\">(Bitte informieren Sie die Unterkunft im Voraus \u00fcber Ihre Ankunftszeit.)<\/em><\/p>\n<div id=\"checkout_policy\" class=\"description js-timebar-parent timebar-wrapper\">\n<p class=\"policy_name\"><span style=\"font-size: 80%;\"><strong>Abreise<br \/><\/strong><span class=\"u-display-block\" data-component=\"prc\/timebar\" data-until=\"10:00\" data-until-label=\"10:00\" data-caption=\"\nBis 10:00 Uhr\n\"><span class=\"timebar   \"><span class=\"timebar__core\"><span class=\"timebar__caption\">Bis 10:00 Uhr<\/span><\/span><\/span><\/span><\/span><\/p>\n<div>\n<p><span style=\"font-size: 80%;\"><strong>Rauchen<br \/><\/strong><\/span><span style=\"font-size: 80%;\">Rauchen ist nur auf dem Balkon gestattet<\/span><\/p>\n<p><span style=\"font-size: 80%;\"><strong>Partys<br \/><\/strong><\/span><span style=\"font-size: 80%;\">Partys\/Veranstaltungen sind nicht erlaubt<\/span><\/p>\n<p><span style=\"font-size: 80%;\"><strong>Haustiere<br \/>Haustiere sind gestattet. Trink- und Fressnapf sowie ein Hundekotbeutel wird zur Verf\u00fcgung gestellt. Willkommenspr\u00e4sent f\u00fcr Hunde vorhanden.<\/strong><\/span><\/p>\n<\/div>\n<\/div>\n<\/div>\n<\/div>\n<\/div>\n<\/div>\n<\/div>\n<\/div>\n<\/div>\n<\/div>\n<\/div>\n<\/div>\n<\/div>\n<\/div>\n<\/div>\n<\/div>\n<\/div>\n<\/div>\n<\/div>\n<\/div>\n\n\t\t<\/div>\n\t<\/div>\n\t\n\t<div id=\"accordion-518734647\" class=\"accordion-item\">\n\t\t<a id=\"accordion-518734647-label\" class=\"accordion-title plain\" href=\"#accordion-item-lage\" aria-expanded=\"false\" aria-controls=\"accordion-518734647-content\">\n\t\t\t<button class=\"toggle\" aria-label=\"Umschalten\"><i class=\"icon-angle-down\" aria-hidden=\"true\"><\/i><\/button>\n\t\t\t<span>Lage<\/span>\n\t\t<\/a>\n\t\t<div id=\"accordion-518734647-content\" class=\"accordion-inner\" aria-labelledby=\"accordion-518734647-label\">\n\t\t\t\n\n<div class=\"_11jhslp\">\n<div id=\"pdp_v3_scenic_view_24_38080760-0\" class=\"rcem0st dir dir-ltr\" aria-disabled=\"false\">\n<div class=\"_jro6t0\">\n<div class=\"_gfomxi\">\n<div id=\"pdp_v3_scenic_view_24_38080760-0\" class=\"rcem0st dir dir-ltr\" aria-disabled=\"false\">\n<div class=\"_jro6t0\">\n<div class=\"_gfomxi\">\n<div class=\"_11jhslp\">\n<div id=\"pdp_v3_scenic_view_24_38080760-0\" class=\"rcem0st dir dir-ltr\" aria-disabled=\"false\">\n<div class=\"_jro6t0\">\n<div class=\"_gfomxi\">\n<div id=\"pdp_v3_scenic_view_24_38080760-0\" class=\"rcem0st dir dir-ltr\" aria-disabled=\"false\">\n<div class=\"_jro6t0\">\n<div class=\"_gfomxi\">\n<div class=\"d31796cb42\">\n<div class=\"c38a8359ed\">\n<div class=\"b3d1cacd40 cc56d568f0\">&nbsp;<\/div>\n<\/div>\n<div class=\"af628afe65\">\n<div class=\"a1b3f50dcd b2fe1a41c3 a1f3ecff04 db7f07f643 d19ba76520\">\n<p class=\"b1e6dd8416 aacd9d0b0a\"><span style=\"font-size: 80%;\"><span style=\"color: #c0c0c0;\"><span style=\"color: #808080;\"><strong>Was ist in der N\u00e4he<\/strong><\/span><br \/>\u25ba<\/span><span style=\"color: #555555;\">&nbsp;Arzt: 6 km<br \/><span style=\"color: #c0c0c0;\">\u25ba<\/span>&nbsp;<\/span><span style=\"color: #555555;\">Autobahn: 35 km<br \/><span style=\"color: #c0c0c0;\">\u25ba<\/span><span style=\"color: #555555;\">&nbsp;<\/span><\/span><span style=\"color: #555555;\">Badestelle\/Gew\u00e4sser: 1 km<br \/><span style=\"color: #c0c0c0;\">\u25ba<\/span><span style=\"color: #555555;\">&nbsp;<\/span><\/span><span style=\"color: #555555;\">B\u00e4cker: 6 km<br \/><span style=\"color: #c0c0c0;\">\u25ba<\/span><span style=\"color: #555555;\">&nbsp;<\/span><\/span><span style=\"color: #555555;\">Bahnhof: 20 km<br \/><\/span><\/span><span style=\"font-size: 80%; color: #555555;\"><span style=\"color: #c0c0c0;\">\u25ba<\/span><span style=\"color: #555555;\">&nbsp;<\/span>Geldautomaten\/Bank: 8 km<br \/><\/span><span style=\"font-size: 80%; color: #555555;\"><span style=\"color: #c0c0c0;\">\u25ba<\/span><span style=\"color: #555555;\">&nbsp;<\/span>Bushaltestelle: 200 m<br \/><\/span><span style=\"font-size: 80%; color: #555555;\"><span style=\"color: #c0c0c0;\">\u25ba<\/span><span style=\"color: #555555;\">&nbsp;<\/span>Flughafen: 120 km<br \/><\/span><span style=\"font-size: 80%; color: #555555;\"><span style=\"color: #c0c0c0;\">\u25ba<\/span><span style=\"color: #555555;\">&nbsp;<\/span>Golfplatz: 25 km<br \/><\/span><span style=\"font-size: 80%;\"><span style=\"color: #555555;\"><span style=\"color: #c0c0c0;\">\u25ba<\/span><span style=\"color: #555555;\">&nbsp;<\/span><\/span><span style=\"color: #555555;\">Krankenhaus\/Klinik: 16 km<br \/><\/span><\/span><span style=\"font-size: 80%; color: #555555;\"><span style=\"color: #c0c0c0;\">\u25ba<\/span><span style=\"color: #555555;\">&nbsp;<\/span>Loipe: 200 m<br \/><\/span><span style=\"font-size: 80%;\"><span style=\"color: #555555;\"><span style=\"color: #c0c0c0;\">\u25ba<\/span><span style=\"color: #555555;\">&nbsp;<\/span>H\u00f6he \u00fcber dem Meeresspiegel: 550 m<br \/><\/span><span style=\"color: #555555;\"><span style=\"color: #c0c0c0;\">\u25ba<\/span><span style=\"color: #555555;\">&nbsp;<\/span>(Kur-)Park\/Wald: 200 km<br \/><span style=\"color: #c0c0c0;\">\u25ba<\/span><span style=\"color: #555555;\">&nbsp;<\/span><\/span><span style=\"color: #555555;\">Radweg: 1 km<br \/><span style=\"color: #c0c0c0;\">\u25ba<\/span><span style=\"color: #555555;\">&nbsp;<\/span><\/span><span style=\"color: #555555;\">Restaurant: 200 m<br \/><span style=\"color: #c0c0c0;\">\u25ba<\/span><span style=\"color: #555555;\">&nbsp;<\/span><\/span><span style=\"color: #555555;\">Schwimm-\/Spa\u00dfbad: 25 km<br \/><span style=\"color: #c0c0c0;\">\u25ba<\/span><span style=\"color: #555555;\">&nbsp;<\/span><\/span><span style=\"color: #555555;\">Skigebiet: 3 km Bergbahn\/<\/span><\/span><br \/><span style=\"font-size: 80%; color: #555555;\"><span style=\"color: #c0c0c0;\">\u25ba<\/span><span style=\"color: #555555;\">&nbsp;<\/span>Seilbahn: 20 km<\/span><br \/><span style=\"font-size: 80%; color: #555555;\"><span style=\"color: #c0c0c0;\">\u25ba<\/span><span style=\"color: #555555;\">&nbsp;<\/span>Supermarkt: 8 km<\/span><br \/><span style=\"font-size: 80%; color: #555555;\"><span style=\"color: #c0c0c0;\">\u25ba<\/span><span style=\"color: #555555;\">&nbsp;<\/span>Therme: 8 km<\/span><br \/><span style=\"font-size: 80%; color: #555555;\"><span style=\"color: #c0c0c0;\">\u25ba<\/span><span style=\"color: #555555;\">&nbsp;<\/span>Tourist-Information: 6 km<\/span><br \/><span style=\"font-size: 80%; color: #555555;\"><span style=\"color: #c0c0c0;\">\u25ba<\/span><span style=\"color: #555555;\">&nbsp;<\/span>Wanderweg: 500 m<\/span><br \/><span style=\"font-size: 80%;\"><span style=\"color: #555555;\"><span style=\"color: #c0c0c0;\">\u25ba<\/span><span style=\"color: #555555;\">&nbsp;<\/span>Zentrum: 100 km<\/span><\/span><\/p>\n<p><span style=\"font-size: 80%;\"><strong>Restaurants &amp; Caf\u00e9s<\/strong><\/span><br \/><span style=\"font-size: 80%;\"><span style=\"color: #c0c0c0;\">\u25ba<\/span><span style=\"color: #555555;\">&nbsp;<\/span><span style=\"color: #555555;\">Biker Treff Okertal 3,1km<br \/><\/span><span style=\"color: #c0c0c0;\">\u25ba<\/span><span style=\"color: #555555;\">&nbsp;<\/span><span style=\"color: #555555;\">Hotel Sporthotel 160m<br \/><\/span><span style=\"color: #c0c0c0;\">\u25ba<\/span>&nbsp;Retaurant Zur Kleinen Hexe 350m<\/span><br \/><span style=\"font-size: 80%;\"><span style=\"color: #c0c0c0;\">\u25ba<\/span> Windbeutelk\u00f6nig 3,7km<\/span><br \/><span style=\"font-size: 80%;\"><span style=\"color: #c0c0c0;\">\u25ba<\/span>&nbsp;Cafe Muhs 270m<\/span><\/p>\n<p><span style=\"font-size: 80%;\"><strong style=\"color: #555555;\">Top-Attraktionen<br \/><\/strong><span style=\"color: #c0c0c0;\">\u25ba<\/span> <span style=\"color: #555555;\">Race-Park 1,5km<br \/><span style=\"color: #c0c0c0;\">\u25ba<\/span>&nbsp;Ski Alpinum Schulenberg 2,8km<br \/><\/span><span style=\"color: #c0c0c0;\">\u25ba<\/span><span style=\"color: #555555;\">&nbsp;<\/span><span style=\"color: #555555;\">Skigebiet Auf der Rose Altenau 9km<\/span><\/span><\/p>\n<div class=\"b1e6dd8416 aacd9d0b0a\">\n<p><span style=\"font-size: 80%;\"><strong>Landschaft und Natur<br \/><\/strong><span style=\"color: #c0c0c0;\">\u25ba<\/span><span style=\"color: #555555;\">&nbsp;<\/span>Oktertalsperre 2k<span style=\"color: #555555;\">m<\/span><\/span><\/p>\n<p><span style=\"font-size: 80%;\"><strong>Skilifte<br \/><span style=\"color: #c0c0c0;\">\u25ba<\/span><span style=\"color: #555555;\">&nbsp;<\/span><\/strong>Ski Alpinim Schulenberg 2,8km<\/span><br \/><span style=\"font-size: 80%;\"><span style=\"color: #c0c0c0;\">\u25ba<\/span><span style=\"color: #555555;\">&nbsp;<\/span>Skigebiet \u201eAuf der Rose\u201c Altenau 9km<\/span><br \/><span style=\"font-size: 80%;\"><span style=\"color: #c0c0c0;\">\u25ba<\/span><span style=\"color: #555555;\">&nbsp;<\/span>Torfhauslift \u201eAm Rinderkopf\u201c 15km<\/span><\/p>\n<p><span style=\"font-size: 80%;\"><strong>N\u00e4chstgelegene Flugh\u00e4fen<br \/><\/strong><span style=\"color: #c0c0c0;\">\u25ba<\/span><span style=\"color: #555555;\">&nbsp;<\/span>Flugplatz Eisenach-Kindel \u2013 148 km<\/span><\/p>\n<p><span style=\"font-size: 80%;\"><strong>So gelangen Sie zur Unterkunft Fewo Harzer Wiesenblick vom Flughafen Hannover-Langenhagen<br \/><\/strong><span style=\"color: #c0c0c0;\">\u25ba<\/span><span style=\"color: #555555;\">&nbsp;<\/span>Auto<\/span><br \/><span style=\"font-size: 80%;\"><span style=\"color: #c0c0c0;\">\u25ba<\/span><span style=\"color: #555555;\">&nbsp;<\/span>Kostenlose Parkm\u00f6glichkeiten sind vorhanden<\/span><\/p>\n<\/div>\n<\/div>\n<\/div>\n<\/div>\n<\/div>\n<\/div>\n<\/div>\n<\/div>\n<\/div>\n<\/div>\n<\/div>\n<\/div>\n<\/div>\n<\/div>\n<\/div>\n<\/div>\n<\/div>\n<\/div>\n\n\t\t<\/div>\n\t<\/div>\n\t\n\n<\/div>\n\n\t\t<\/div>\n\t\t\t\t\t<\/div>\n\n\t\n\n<\/div>\n<div class=\"is-divider divider clearfix\" style=\"margin-top:40px;margin-bottom:40px;max-width:20px;height:0px;\"><\/div>\n\n<div class=\"row row-full-width align-center\"  id=\"row-1901907078\">\n\n\n\t<div id=\"col-2027564823\" class=\"col medium-8 small-12 large-8\"  data-animate=\"fadeInLeft\">\n\t\t\t\t<div class=\"col-inner text-center\"  >\n\t\t\t\n\t\t\t\n\n<h3 class=\"thin-font uppercase\"><span style=\"font-size: 75%;\">360 Grad<\/span><\/h3>\n<h2 class=\"uppercase\">Virtueller Rundgang<\/h2>\n<div class=\"is-divider divider clearfix\" style=\"max-width:90px;height:1px;background-color:rgb(211, 211, 211);\"><\/div>\n\n\n\t\t<\/div>\n\t\t\t\t\t<\/div>\n\n\t\n\n<\/div>\n<div class=\"row align-middle align-center\"  id=\"row-792040041\">\n\n\n\t<div id=\"col-1790811393\" class=\"col medium-10 small-12 large-10\"  >\n\t\t\t\t<div class=\"col-inner\"  >\n\t\t\t\n\t\t\t\n\n\n\n<iframe src=\"https:\/\/www.google.com\/maps\/embed?pb=!4v1697902925846!6m8!1m7!1sCAoSLEFGMVFpcE9RQ2dVdm5RZHdYejdTbmFzbkF2TFVCeGEtUW9EeVExUzJXdkRY!2m2!1d51.8352738!2d10.4355049!3f183.90939055675395!4f-21.342100174618906!5f0.7820865974627469\" width=\"100%\" height=\"450\" style=\"border:0;\" allowfullscreen=\"\" loading=\"lazy\" referrerpolicy=\"no-referrer-when-downgrade\"><\/iframe>\n\n\n\t\t<\/div>\n\t\t\t\t\t<\/div>\n\n\t\n\n<\/div>\n<div class=\"is-divider divider clearfix\" style=\"margin-top:40px;margin-bottom:40px;max-width:20px;height:0px;\"><\/div>\n\n<div class=\"slider-wrapper relative\" id=\"slider-919771304\" >\n    <div class=\"slider slider-type-fade slider-nav-circle slider-nav-large slider-nav-light slider-style-normal\"\n        data-flickity-options='{\n            \"cellAlign\": \"center\",\n            \"imagesLoaded\": true,\n            \"lazyLoad\": 1,\n            \"freeScroll\": false,\n            \"wrapAround\": true,\n            \"autoPlay\": 6000,\n            \"pauseAutoPlayOnHover\" : true,\n            \"prevNextButtons\": true,\n            \"contain\" : true,\n            \"adaptiveHeight\" : true,\n            \"dragThreshold\" : 10,\n            \"percentPosition\": true,\n            \"pageDots\": true,\n            \"rightToLeft\": false,\n            \"draggable\": true,\n            \"selectedAttraction\": 0.1,\n            \"parallax\" : 0,\n            \"friction\": 0.6        }'\n        >\n        \n\n\n  <div class=\"banner has-hover has-parallax\" id=\"banner-1725027046\">\n          <div class=\"banner-inner fill\">\n        <div class=\"banner-bg fill\" data-parallax=\"-3\" data-parallax-container=\".banner\" data-parallax-background>\n            <img loading=\"lazy\" decoding=\"async\" width=\"1020\" height=\"680\" src=\"https:\/\/th-feriendomizile.de\/wp-content\/uploads\/2022\/10\/GROUP-OF-YOUNG-FRIENDS-ENJOYING-WALK-BY-LAKE-ON-HI-2021-08-26-16-14-30-UTC-1200x800.jpg\" class=\"bg attachment-large size-large\" alt=\"\" \/>                        <div class=\"overlay\"><\/div>            \n                    <\/div>\n\t\t\n        <div class=\"banner-layers container\">\n            <div class=\"fill banner-link\"><\/div>            \n\n   <div id=\"text-box-1283818521\" class=\"text-box banner-layer x50 md-x50 lg-x50 y50 md-y50 lg-y50 res-text\">\n                     <div data-animate=\"fadeInUp\">           <div class=\"text-box-content text dark\">\n              \n              <div class=\"text-inner text-center\">\n                  \n\n<h2 class=\"uppercase\"><span style=\"font-size: 80%;\">Referenzen<\/span><\/h2>\n\t<div class=\"img has-hover hidden x md-x lg-x y md-y lg-y\" id=\"image_865807733\">\n\t\t\t\t\t\t\t\t<div class=\"img-inner dark\" >\n\t\t\t<img loading=\"lazy\" decoding=\"async\" width=\"402\" height=\"400\" src=\"https:\/\/th-feriendomizile.de\/wp-content\/uploads\/2022\/10\/CONTENT-FEMALE-DRINKING-FROM-A-METAL-CUP-2022-01-28-05-22-32-UTC-Kopie-402x400.png\" class=\"attachment-medium size-medium\" alt=\"\" srcset=\"https:\/\/th-feriendomizile.de\/wp-content\/uploads\/2022\/10\/CONTENT-FEMALE-DRINKING-FROM-A-METAL-CUP-2022-01-28-05-22-32-UTC-Kopie-402x400.png 402w, https:\/\/th-feriendomizile.de\/wp-content\/uploads\/2022\/10\/CONTENT-FEMALE-DRINKING-FROM-A-METAL-CUP-2022-01-28-05-22-32-UTC-Kopie-280x280.png 280w, https:\/\/th-feriendomizile.de\/wp-content\/uploads\/2022\/10\/CONTENT-FEMALE-DRINKING-FROM-A-METAL-CUP-2022-01-28-05-22-32-UTC-Kopie-20x20.png 20w, https:\/\/th-feriendomizile.de\/wp-content\/uploads\/2022\/10\/CONTENT-FEMALE-DRINKING-FROM-A-METAL-CUP-2022-01-28-05-22-32-UTC-Kopie.png 428w\" sizes=\"auto, (max-width: 402px) 100vw, 402px\" \/>\t\t\t\t\t\t\n\t\t\t\t\t<\/div>\n\t\t\t\t\t\t\t\t\n<style>\n#image_865807733 {\n  width: 14%;\n}\n<\/style>\n\t<\/div>\n\t\n\n  <div class=\"icon-box testimonial-box icon-box-center text-center is-small\">\n                <div class=\"icon-box-img testimonial-image circle\" style=\"width: 142px\">\n                      <\/div>\n                <div class=\"icon-box-text p-last-0\">\n          <div class=\"star-rating\" role=\"img\" aria-label=\"Rated 5 out of 5\"><span style=\"width:100%\"><strong class=\"rating\"><\/strong><\/span><\/div>  \t\t\t\t<div class=\"testimonial-text line-height-small italic test_text first-reset last-reset is-italic\">\n            \n\n\t<div id=\"text-242528213\" class=\"text\">\n\t\t\n\n<p>Die Ferienwohnung ist ganz toll ausgestattet, sie ist sehr sauber, modern eingerichtet und ist ein toller Ausgangspunkt f\u00fcr viele Unternehmungen im Harz. Ich kann die Wohnung ohne Bedenken weiterempfehlen.<\/p>\n\t\t\n<style>\n#text-242528213 {\n  text-align: center;\n}\n<\/style>\n\t<\/div>\n\t\n\n          <\/div>\n          <div class=\"testimonial-meta pt-half\">\n             <strong class=\"testimonial-name test_name\">Michael<\/strong>\n             <span class=\"testimonial-name-divider\"> \/ <\/span>             <span class=\"testimonial-company test_company\">\/ Aufenthalt im Apr. 2022 \/\/ Harzer Wiesenberg<\/span>\n          <\/div>\n        <\/div>\n  <\/div>\n\n  \n\n              <\/div>\n           <\/div>\n       <\/div>                     \n<style>\n#text-box-1283818521 {\n  width: 100%;\n}\n#text-box-1283818521 .text-box-content {\n  font-size: 100%;\n}\n@media (min-width:550px) {\n  #text-box-1283818521 {\n    width: 78%;\n  }\n}\n<\/style>\n    <\/div>\n \n\n        <\/div>\n      <\/div>\n\n            \n<style>\n#banner-1725027046 {\n  padding-top: 378px;\n}\n#banner-1725027046 .overlay {\n  background-color: rgba(37, 37, 37, 0.436);\n}\n#banner-1725027046 .banner-bg img {\n  object-position: 79% 68%;\n}\n<\/style>\n  <\/div>\n\n\n\n\n     <\/div>\n\n     <div class=\"loading-spin dark large centered\"><\/div>\n\n\t<\/div>\n\n\n\n\t<script type=\"text\/javascript\">\n  jQuery( document ).ready(function() {\n    function initialize() {\n        var styles = {\n            'flatsome':  [{\n            \"featureType\": \"administrative\",\n            \"stylers\": [\n              { \"visibility\": \"on\" }\n            ]\n          },\n          {\n            \"featureType\": \"road\",\n            \"stylers\": [\n              { \"visibility\": \"on\" },\n              { \"hue\": \"\" }\n            ]\n          },\n          {\n            \"stylers\": [\n\t\t\t  { \"visibility\": \"on\" },\n\t\t\t  { \"hue\": \"\" },\n\t\t\t  { \"saturation\": -30 }\n            ]\n          }\n        ]};\n\n        var myLatlng = new google.maps.LatLng(51.835320159422, 10.435385207542);\n        var myOptions = {\n            zoom: 17,\n            center: myLatlng,\n            mapTypeId: google.maps.MapTypeId.ROADMAP,\n            disableDefaultUI: true,\n            mapTypeId: 'flatsome',\n            draggable: true,\n            zoomControl: true,\n            zoomControlOptions: {\n              position: google.maps.ControlPosition.TOP_LEFT\n            },\n      \t\t\tmapTypeControl: true,\n            mapTypeControlOptions: {\n              position: google.maps.ControlPosition.TOP_LEFT\n            },\n      \t\t\tstreetViewControl: true,\n            streetViewControlOptions: {\n              position: google.maps.ControlPosition.TOP_LEFT\n            },\n            scrollwheel: false,\n            disableDoubleClickZoom: true\n        }\n        var map = new google.maps.Map(document.getElementById(\"map-4028394963-inner\"), myOptions);\n        var styledMapType = new google.maps.StyledMapType(styles['flatsome'], {name: 'flatsome'});\n        map.mapTypes.set('flatsome', styledMapType);\n\n        var marker = new google.maps.Marker({\n            position: myLatlng,\n            map: map,\n            title:\"\"\n        });\n    }\n\n    \/\/ Required to proceed\n    if (!(typeof google === 'object' && typeof google.maps === 'object')) {\n      return\n    }\n\n    initialize()\n    google.maps.event.addDomListener(window, 'resize', initialize);\n    });\n    <\/script>\n\n    <div class=\"google-map relative mb\" id=\"map-4028394963\">\n        <div class=\"map-height\" id=\"map-4028394963-inner\"><\/div>\n        <div id=\"map_overlay_top\"><\/div>\n        <div id=\"map_overlay_bottom\"><\/div>\n                  <div class=\"map_inner map-inner last-reset absolute x100 md-x5 lg-x5 y100 md-y95 lg-y95\">\n              \n\n<p><span class=\"\nhp_address_subtitle\njs-hp_address_subtitle\njq_tooltip\n\" style=\"cursor: help; caret-color: #262626; color: #262626; font-family: BlinkMacSystemFont, -apple-system, 'Segoe UI', Roboto, Helvetica, Arial, sans-serif; font-size: 14px; font-style: normal; font-variant-caps: normal; font-weight: normal; letter-spacing: normal; orphans: auto; text-align: start; text-indent: 0px; text-transform: none; white-space: normal; widows: auto; word-spacing: 0px; -webkit-text-size-adjust: auto; -webkit-text-stroke-width: 0px; text-decoration: none;\" tabindex=\"0\" title=\"\" data-source=\"top_link\" data-coords=\",\" data-component=\"tooltip\" data-tooltip-text=\"<b>Hervorragende<\/b> Lage \u2014 bewertet mit 10,0\/10! <small>(Ergebnis aus <b>4<\/b> Bewertungen)<\/small><\/p>\n<p>Bewertet von G\u00e4sten <b>nach Ihrem Aufenthalt<\/b> in der Unterkunft Fewo Harzer Wiesenblick.<\/p>\n<p>&#8220; data-tooltip-animation=&#8220;false&#8220; data-bbox=&#8220;10.6330400528404,51.6479730834269,10.6910769471596,51.6839039165731&#8243; data-node_tt_id=&#8220;location_score_tooltip&#8220; data-width=&#8220;350&#8243; aria-describedby=&#8220;tooltip-1&#8243;>Wiesenbergstra\u00dfe 12, 38707 Schulenberg, Deutschland<\/span><\/p>\n\n         <\/div>\n       \n       \n<style>\n#map-4028394963 .map-inner {\n  background-color: #fff;\n  max-width: 100%;\n}\n#map-4028394963 .map-height {\n  height: 400px;\n}\n@media (min-width:550px) {\n  #map-4028394963 .map-inner {\n    max-width: 40%;\n  }\n}\n@media (min-width:850px) {\n  #map-4028394963 .map-inner {\n    max-width: 30%;\n  }\n}\n<\/style>\n    <\/div>\n\n\t\n<div class=\"is-divider divider clearfix\" style=\"margin-top:70px;margin-bottom:70px;height:0px;\"><\/div>\n\n<div class=\"is-divider divider clearfix\" style=\"margin-top:70px;margin-bottom:70px;height:0px;\"><\/div>\n\n<span class=\"scroll-to\" data-label=\"Scroll to: #Buchungharzerwiesenberg\" data-bullet=\"true\" data-link=\"#Buchungharzerwiesenberg\" data-title=\"Change this\"><a name=\"Buchungharzerwiesenberg\"><\/a><\/span>\n\n<div class=\"container section-title-container\" ><h3 class=\"section-title section-title-center\"><b aria-hidden=\"true\"><\/b><span class=\"section-title-main\" >V E R F \u00dc G B A R K E I T E N<\/span><b aria-hidden=\"true\"><\/b><\/h3><\/div>\n\n<div class=\"row row-full-width align-center\"  id=\"row-1009701171\">\n\n\n\t<div id=\"col-1403132156\" class=\"col medium-10 small-12 large-10\"  data-animate=\"fadeInLeft\">\n\t\t\t\t<div class=\"col-inner text-center\"  >\n\t\t\t\n\t\t\t\n\n<div class=\"row align-center\"  id=\"row-133283157\">\n\n\n\t<div id=\"col-531027519\" class=\"col medium-6 small-12 large-6\"  >\n\t\t\t\t<div class=\"col-inner\"  >\n\t\t\t\n\t\t\t\n\n\n\n<div id=\"smoobuApartment2985376de\" class=\"calendarWidget\"> <div class=\"calendarContent\" data-load-calendar-url=\"https:\/\/login.smoobu.com\/de\/cockpit\/widget\/single-calendar\/2985376\" data-verification=\"1940217519bc1680e3965753e4b3df4f6efe0fa17999261b8ba59e9f4dcc98d7\" data-baseUrl=\"https:\/\/login.smoobu.com\" data-disable-css=\"false\" ><\/div> <script type=\"text\/javascript\" src=\"https:\/\/login.smoobu.com\/js\/Apartment\/CalendarWidget.js\"><\/script><\/div>\n\n\n\t\t<\/div>\n\t\t\t\t\t<\/div>\n\n\t\n\n\t<div id=\"col-1674221687\" class=\"col medium-4 small-12 large-4\"  data-animate=\"fadeInUp\">\n\t\t\t\t<div class=\"col-inner text-left\"  >\n\t\t\t\n\t\t\t\n\n\n\n<div id=\"apartmentIframeAll\">\n<script type=\"text\/javascript\" src=\"https:\/\/login.smoobu.com\/js\/Settings\/BookingToolIframe.js\"><\/script>\n<script>BookingToolIframe.initialize({\"url\": \"https:\/\/login.smoobu.com\/de\/booking-tool\/iframe\/581272\", \"baseUrl\": \"https:\/\/login.smoobu.com\", \"target\": \"#apartmentIframeAll\"})<\/script>\n<\/div>\n\n\n<div class=\"wpcf7 no-js\" id=\"wpcf7-f992-o1\" lang=\"en-US\" dir=\"ltr\" data-wpcf7-id=\"992\">\n<div class=\"screen-reader-response\"><p role=\"status\" aria-live=\"polite\" aria-atomic=\"true\"><\/p> <ul><\/ul><\/div>\n<form action=\"\/startseite\/wp-json\/wp\/v2\/pages\/581#wpcf7-f992-o1\" method=\"post\" class=\"wpcf7-form init\" aria-label=\"Contact form\" novalidate=\"novalidate\" data-status=\"init\">\n<fieldset class=\"hidden-fields-container\"><input type=\"hidden\" name=\"_wpcf7\" value=\"992\" \/><input type=\"hidden\" name=\"_wpcf7_version\" value=\"6.1.5\" \/><input type=\"hidden\" name=\"_wpcf7_locale\" value=\"en_US\" \/><input type=\"hidden\" name=\"_wpcf7_unit_tag\" value=\"wpcf7-f992-o1\" \/><input type=\"hidden\" name=\"_wpcf7_container_post\" value=\"0\" \/><input type=\"hidden\" name=\"_wpcf7_posted_data_hash\" value=\"\" \/>\n<\/fieldset>\n<div class=\"form-flat\">\n\t<p><span class=\"wpcf7-form-control-wrap\" data-name=\"your-name\"><input size=\"40\" maxlength=\"400\" class=\"wpcf7-form-control wpcf7-text wpcf7-validates-as-required\" aria-required=\"true\" aria-invalid=\"false\" placeholder=\"Name\" value=\"\" type=\"text\" name=\"your-name\" \/><\/span>\n\t<\/p>\n\t<p><span class=\"wpcf7-form-control-wrap\" data-name=\"your-email\"><input size=\"40\" maxlength=\"400\" class=\"wpcf7-form-control wpcf7-email wpcf7-validates-as-required wpcf7-text wpcf7-validates-as-email\" aria-required=\"true\" aria-invalid=\"false\" placeholder=\"E-Mail\" value=\"\" type=\"email\" name=\"your-email\" \/><\/span>\n\t<\/p>\n\t<p><span class=\"wpcf7-form-control-wrap\" data-name=\"your-message\"><textarea cols=\"40\" rows=\"10\" maxlength=\"2000\" class=\"wpcf7-form-control wpcf7-textarea\" aria-invalid=\"false\" placeholder=\"Nachricht\" name=\"your-message\"><\/textarea><\/span>\n\t<\/p>\n\t<p><input class=\"wpcf7-form-control wpcf7-submit has-spinner button\" type=\"submit\" value=\"Senden\" \/>\n\t<\/p>\n<\/div><div class=\"wpcf7-response-output\" aria-hidden=\"true\"><\/div>\n<\/form>\n<\/div>\n\n\n\n\t\t<\/div>\n\t\t\t\t\t<\/div>\n\n\t\n\n<\/div>\n\n\t\t<\/div>\n\t\t\t\t\t<\/div>\n\n\t\n\n<\/div>\n\n","protected":false},"excerpt":{"rendered":"","protected":false},"author":1,"featured_media":0,"parent":0,"menu_order":0,"comment_status":"closed","ping_status":"closed","template":"page-blank.php","meta":{"footnotes":""},"class_list":["post-581","page","type-page","status-publish","hentry"],"_links":{"self":[{"href":"https:\/\/th-feriendomizile.de\/startseite\/wp-json\/wp\/v2\/pages\/581","targetHints":{"allow":["GET"]}}],"collection":[{"href":"https:\/\/th-feriendomizile.de\/startseite\/wp-json\/wp\/v2\/pages"}],"about":[{"href":"https:\/\/th-feriendomizile.de\/startseite\/wp-json\/wp\/v2\/types\/page"}],"author":[{"embeddable":true,"href":"https:\/\/th-feriendomizile.de\/startseite\/wp-json\/wp\/v2\/users\/1"}],"replies":[{"embeddable":true,"href":"https:\/\/th-feriendomizile.de\/startseite\/wp-json\/wp\/v2\/comments?post=581"}],"version-history":[{"count":74,"href":"https:\/\/th-feriendomizile.de\/startseite\/wp-json\/wp\/v2\/pages\/581\/revisions"}],"predecessor-version":[{"id":2127,"href":"https:\/\/th-feriendomizile.de\/startseite\/wp-json\/wp\/v2\/pages\/581\/revisions\/2127"}],"wp:attachment":[{"href":"https:\/\/th-feriendomizile.de\/startseite\/wp-json\/wp\/v2\/media?parent=581"}],"curies":[{"name":"wp","href":"https:\/\/api.w.org\/{rel}","templated":true}]}}